{"id":1197,"date":"2020-05-12T15:19:26","date_gmt":"2020-05-12T18:19:26","guid":{"rendered":"https:\/\/viviancarvalho.com.br\/?page_id=1197"},"modified":"2022-06-28T17:35:50","modified_gmt":"2022-06-28T20:35:50","slug":"a-escolha-do-ortodontista","status":"publish","type":"page","link":"https:\/\/viviancarvalho.com.br\/en\/a-escolha-do-ortodontista\/","title":{"rendered":"A Escolha do Ortodontista"},"content":{"rendered":"<p><div class=\"fusion-fullwidth fullwidth-box fusion-builder-row-1 fusion-parallax-none hundred-percent-fullwidth non-hundred-percent-height-scrolling\" style=\"background-color: rgba(255,255,255,0);background-image: url(&quot;https:\/\/viviancarvalho.com.br\/wp-content\/uploads\/2022\/06\/topo-dravivi.jpg&quot;);background-position: center center;background-repeat: no-repeat;padding-top:0px;padding-right:0px;padding-bottom:0px;padding-left:0px;margin-bottom: 0px;margin-top: 0px;border-width: 0px 0px 0px 0px;border-color:#eae9e9;border-style:solid;-webkit-background-size:cover;-moz-background-size:cover;-o-background-size:cover;background-size:cover;\" ><div class=\"fusion-builder-row fusion-row\"><div class=\"fusion-layout-column fusion_builder_column fusion-builder-column-0 fusion_builder_column_1_1 1_1 fusion-one-full fusion-column-first fusion-column-last\" style=\"margin-top:0px;margin-bottom:0px;\"><div class=\"fusion-column-wrapper fusion-flex-column-wrapper-legacy\" style=\"background-position:left top;background-repeat:no-repeat;-webkit-background-size:cover;-moz-background-size:cover;-o-background-size:cover;background-size:cover;padding: 0px 0px 0px 0px;\"><div class=\"fusion-section-separator section-separator paint fusion-section-separator-1\" style=\"margin-top:0px;margin-bottom:0px;\"><div class=\"fusion-section-separator-svg\" style=\"margin-left: 0px;margin-right: 0px;\"><div class=\"fusion-paint-candy-sep fusion-section-separator-svg-bg\" style=\"background-image:url( data:image\/svg+xml;base64,PHN2ZyB4bWxucz0iaHR0cDovL3d3dy53My5vcmcvMjAwMC9zdmciIHZlcnNpb249IjEuMSIgd2lkdGg9IjEwMCUiIHZpZXdCb3g9IjAgMCAxODAzIDgwIiBmaWxsPSJub25lIiBwcmVzZXJ2ZUFzcGVjdFJhdGlvPSJub25lIj48cGF0aCBmaWxsLXJ1bGU9ImV2ZW5vZGQiIGNsaXAtcnVsZT0iZXZlbm9kZCIgZD0iTTAgODBIMTgwM1YyNkMxNzg0LjQxIDI1Ljg5OTYgMTc2Mi42OCA5Ljc1NzE4IDE3MzguOTcgOS41NzA5OUMxNjkzLjI2IDcuMDQ3MzQgMTYyNi42NCA1IDE2MjAgNUMxNjEzLjM2IDUgMTYxOC42OSA2LjM4NjI3IDE2MzUuNDMgOC41NzkzOEMxNTE5LjY5IDcuMjYzMjEgMTM5Ni4zNSA1LjEwNjIzIDEzNTcuOCAyLjAwMDA1QzEyODMuMzMgLTMuOTk5OTUgNjI4Ljk5IDExLjAwMDEgNjEzLjE0NyAxOS4wMDAxQzYxMS4wOTIgMjAuMDM3NCA1OTguNDgxIDE5LjczNDcgNTgxLjc1IDE5LjMzM0M1NjUuNjk4IDE4Ljk0NzcgNTQ1Ljg1NiAxOC40NzE0IDUyNy45MDUgMTkuMDAwMUM0ODQuMjI5IDE3LjQzNTcgMzQzLjMzMiAyNi43IDMzOSAyNy41QzMzNS44OTMgMjguMDczOSAzNTQuNTgzIDI4LjU0MDIgMzc5LjcyMiAyOS4xNjc0QzM4OS42MjUgMjkuNDE0NSA0MDAuNTI5IDI5LjY4NjYgNDExLjQ5NSAzMEMzMDAuMTEyIDMyLjMzNDEgMjMzLjkyMiAyNS4yMTQ5IDIwNC4zODIgMTkuMDAwMUMxNzAuMTYgMTEuODAwMSA1My44NjgyIDE5LjMzMzQgMCAyNi4wMDAxVjgwWk05MzEuOTMyIDE1Qzk4Ni42MzEgMTEuNzgxOCAxMTA1LjgyIDYuMDEzNzMgMTE0NC45NyA4LjY4NzMzQzExNTguMDIgOS41NzgwNCAxMTQ4LjQyIDkuNjgyOTcgMTEyNi41OCA5LjkyMTYxQzExMTMuNTIgMTAuMDY0NCAxMDk2LjA5IDEwLjI1NSAxMDc2LjUgMTAuNjkwMkMxMDU2LjI3IDExLjEzOTcgMTAzMy43NSAxMS45Mzg4IDEwMTEuNCAxMi43MzIxQzk4Mi45NjIgMTMuNzQxMSA5NTQuNzkxIDE0Ljc0MDggOTMxLjkzMiAxNVoiIGZpbGw9IiM0YjRiNGQiLz48L3N2Zz4= );height:80px;transform: rotateX(180deg);\"><\/div><\/div><div class=\"fusion-section-separator-spacer\"><div class=\"fusion-section-separator-spacer-height\" style=\"height:80px;\"><\/div><\/div><style type=\"text\/css\">.fusion-section-separator.fusion-section-separator-1 .fusion-section-separator-svg-bg{background-size:100% 100%;}<\/style><\/div><div class=\"fusion-clearfix\"><\/div><\/div><\/div><div class=\"fusion-layout-column fusion_builder_column fusion-builder-column-1 fusion_builder_column_1_1 1_1 fusion-one-full fusion-column-first fusion-column-last\" style=\"margin-top:100px;margin-bottom:100px;\"><div class=\"fusion-column-wrapper fusion-flex-column-wrapper-legacy\" style=\"background-position:left top;background-repeat:no-repeat;-webkit-background-size:cover;-moz-background-size:cover;-o-background-size:cover;background-size:cover;padding: 0px 0px 0px 0px;\"><div class=\"fusion-text fusion-text-1\" style=\"transform:translate3d(0,0,0);\"><h1 style=\"text-align: center;\"><span style=\"color: #4b4b4d; font-size: 40px;\">A ESCOLHA DO ORTODONTISTA<\/span><\/h1>\n<p style=\"text-align: center;\"><span style=\"color: #4b4b4d;\"><a style=\"color: #4b4b4d;\" href=\"https:\/\/viviancarvalho.com.br\/en\/\">Home<\/a> | A Escolha do Ortodontista<\/span><\/p>\n<\/div><div class=\"fusion-clearfix\"><\/div><\/div><\/div><\/div><\/div><div class=\"fusion-fullwidth fullwidth-box fusion-builder-row-2 nonhundred-percent-fullwidth non-hundred-percent-height-scrolling\" style=\"background-color: rgba(255,255,255,0);background-position: center center;background-repeat: no-repeat;padding-top:0px;padding-right:0px;padding-bottom:0px;padding-left:0px;margin-bottom: 20px;margin-top: 100px;border-width: 0px 0px 0px 0px;border-color:#eae9e9;border-style:solid;\" ><div class=\"fusion-builder-row fusion-row\"><div class=\"fusion-layout-column fusion_builder_column fusion-builder-column-2 fusion_builder_column_1_1 1_1 fusion-one-full fusion-column-first fusion-column-last\" style=\"margin-top:0px;margin-bottom:20px;\"><div class=\"fusion-column-wrapper fusion-flex-column-wrapper-legacy\" style=\"background-position:left top;background-repeat:no-repeat;-webkit-background-size:cover;-moz-background-size:cover;-o-background-size:cover;background-size:cover;padding: 0px 0px 0px 0px;\"><div class=\"fusion-text fusion-text-2\" style=\"transform:translate3d(0,0,0);\"><h1>Quem \u00e9 o Ortodontista?<\/h1>\n<p><strong>Ortodontista<\/strong> \u00e9 o profissional que cursou a gradua\u00e7\u00e3o em Odontologia e tamb\u00e9m a p\u00f3s-gradua\u00e7\u00e3o em Ortodontia, reconhecida pelo Minist\u00e9rio da Educa\u00e7\u00e3o (MEC) e pelo Conselho Federal de Odontologia (CFO).<\/p>\n<p>O Ortodontista tem o t\u00edtulo de <strong>Especialista em Ortodontia<\/strong> e estudou dois anos a mais, al\u00e9m da faculdade, sendo o profissional habilitado para praticar esta especialidade.<\/p>\n<p>Para saber quem \u00e9 realmente especialista, basta entrar no site do Conselho Federal de Odontologia (<a href=\"http:\/\/website.cfo.org.br\/profissionais-cadastrados\/\">Clique aqui<\/a>) , digitar parte do nome do profissional e selecionar Rio de Janeiro.<\/p>\n<h1>Todas as cl\u00ednicas que colocam aparelho t\u00eam Ortodontistas?<\/h1>\n<p>N\u00e3o. Infelizmente, muitas cl\u00ednicas t\u00eam o objetivo apenas de lucrar com a Ortodontia e contratam profissionais que n\u00e3o s\u00e3o especialistas para atender os pacientes. Os dentistas que n\u00e3o fizeram a p\u00f3s-gradua\u00e7\u00e3o em Ortodontia n\u00e3o t\u00eam o conhecimento necess\u00e1rio para executar tratamentos.<\/p>\n<p>Algumas cl\u00ednicas fazem algo ainda mais grave: contratam auxiliares (pessoas que n\u00e3o s\u00e3o dentistas) para realizar os atendimentos.<\/p>\n<h1>O tratamento ortod\u00f4ntico mal conduzido pode trazer algum risco?<\/h1>\n<p>Sim. Quando o profissional que aplica for\u00e7a nos dentes n\u00e3o tem conhecimento profundo da Ortodontia, pode trazer s\u00e9rios problemas para a sa\u00fade do paciente.<\/p>\n<p>Alguns problemas s\u00e3o:<\/p>\n<p><i class=\"fas fa-arrow-circle-right\"><\/i> Movimenta\u00e7\u00e3o dos dentes para a posi\u00e7\u00e3o errada.<br \/>\n<i class=\"fas fa-arrow-circle-right\"><\/i> Aplica\u00e7\u00e3o de for\u00e7a excessiva.<br \/>\n<i class=\"fas fa-arrow-circle-right\"><\/i> Reabsor\u00e7\u00e3o da raiz e perda do dente.<br \/>\n<i class=\"fas fa-arrow-circle-right\"><\/i> Surgimento ou aumento das dores na ATM (Articula\u00e7\u00e3o T\u00eamporo-mandibular).<\/p>\n<p>Portanto, fique atento: para realizar tratamento ortod\u00f4ntico \u00e9 necess\u00e1rio forma\u00e7\u00e3o e conhecimento do profissional.<\/p>\n<h1>As cl\u00ednicas que anunciam &#8220;aparelho de gra\u00e7a&#8221; oferecem alguma vantagem real?<\/h1>\n<p>N\u00e3o. Estas cl\u00ednicas na verdade fazem o paciente pagar o aparelho de maneira desonesta, porque prolongam desnecessariamente o tempo de tratamento do indiv\u00edduo, at\u00e9 que elas possam &#8220;lucrar&#8221; o valor que ofereceram de gra\u00e7a no in\u00edcio.<\/p>\n<p>N\u00e3o existe nada de gra\u00e7a, muito menos aparelho ortod\u00f4ntico.<\/p>\n<p>O an\u00fancio de aparelho gr\u00e1tis \u00e9 uma maneira falsa de captar e &#8220;amarrar&#8221; o paciente por muitos anos na mensalidade\/manuten\u00e7\u00e3o.<\/p>\n<p>Al\u00e9m disso, estas cl\u00ednicas geralmente contratam auxiliares e dentistas sem forma\u00e7\u00e3o apadequada para executar o atendimento, o que pode trazer riscos para a sa\u00fade bucal.<\/p>\n<h1>O que \u00e9 o C\u00f3digo de \u00c9tica de Odontologia?<\/h1>\n<p>\u00c9 uma norma do Conselho Federal de Odontologia para regulamentar a conduta dos dentistas e das cl\u00ednicas odontol\u00f3gicas.<\/p>\n<p>O C\u00f3digo de \u00c9tica pro\u00edbe an\u00fancios de aparelho de gra\u00e7a, pois sup\u00f5e que seja uma maneira irregular de enganar as pessoas. Entretanto, muitas cl\u00ednicas, n\u00e3o respeitam o C\u00f3digo de \u00c9tica.<\/p>\n<p>Pense bem: ser\u00e1 que \u00e9 seguro fazer tratamento em cl\u00ednicas que n\u00e3o respeitam o C\u00f3digo de \u00c9tica?<\/p>\n<p>Ser\u00e1 que, uma cl\u00ednica que n\u00e3o respeita o C\u00f3digo de \u00c9tica, vai respeitar as normas de biosseguran\u00e7a para esteriliza\u00e7\u00e3o dos materiais?<\/p>\n<p><strong>Portanto, a dica \u00e9 que, para escolher um ortodontista, \u00e9 importante observar se:<\/strong><\/p>\n<\/div><ul class=\"fusion-checklist fusion-checklist-1\" style=\"font-size:16px;line-height:27.2px;\"><li class=\"fusion-li-item\"><span style=\"height:27.2px;width:27.2px;margin-right:11.2px;\" class=\"icon-wrapper circle-no\"><i class=\"fusion-li-icon fa-check fas\" style=\"color:#6487c2;\" aria-hidden=\"true\"><\/i><\/span><div class=\"fusion-li-item-content\" style=\"margin-left:38.4px;\">\n<p>Ele possui t\u00edtulo de especialista registrado no Conselho de Odontologia (<a href=\"http:\/\/website.cfo.org.br\/profissionais-cadastrados\/\">Clique aqui<\/a>), selecionar Rio de Janeiro e digitar parte do nome do profissional;<\/p>\n<\/div><\/li><li class=\"fusion-li-item\"><span style=\"height:27.2px;width:27.2px;margin-right:11.2px;\" class=\"icon-wrapper circle-no\"><i class=\"fusion-li-icon fa-check fas\" style=\"color:#6487c2;\" aria-hidden=\"true\"><\/i><\/span><div class=\"fusion-li-item-content\" style=\"margin-left:38.4px;\">Verificar se ele age eticamente na divulga\u00e7\u00e3o dos pre\u00e7os;<\/div><\/li><li class=\"fusion-li-item\"><span style=\"height:27.2px;width:27.2px;margin-right:11.2px;\" class=\"icon-wrapper circle-no\"><i class=\"fusion-li-icon fa-check fas\" style=\"color:#6487c2;\" aria-hidden=\"true\"><\/i><\/span><div class=\"fusion-li-item-content\" style=\"margin-left:38.4px;\">Averiguar se ele segue as normas de Biosseguran\u00e7a;<\/div><\/li><li class=\"fusion-li-item\"><span style=\"height:27.2px;width:27.2px;margin-right:11.2px;\" class=\"icon-wrapper circle-no\"><i class=\"fusion-li-icon fa-check fas\" style=\"color:#6487c2;\" aria-hidden=\"true\"><\/i><\/span><div class=\"fusion-li-item-content\" style=\"margin-left:38.4px;\">Conferir se ele realizou um planejamento ortod\u00f4ntico detalhado com uma previs\u00e3o honesta do tempo de tratamento.<\/div><\/li><\/ul><div class=\"fusion-clearfix\"><\/div><\/div><\/div><\/div><\/div><\/p>","protected":false},"excerpt":{"rendered":"","protected":false},"author":1,"featured_media":0,"parent":0,"menu_order":0,"comment_status":"closed","ping_status":"closed","template":"100-width.php","meta":[],"yoast_head":"<!-- This site is optimized with the Yoast SEO plugin v19.6.1 - https:\/\/yoast.com\/wordpress\/plugins\/seo\/ -->\n<title>A Escolha do Ortodontista - Vivian Carvalho<\/title>\n<meta name=\"description\" content=\"Ortodontista \u00e9 o profissional que cursou a gradua\u00e7\u00e3o em Odontologia e tamb\u00e9m a p\u00f3s-gradua\u00e7\u00e3o em Ortodontia, reconhecida pelo Minist\u00e9rio da Educa\u00e7\u00e3o (MEC) e pelo Conselho Federal de Odontologia (CFO).\" \/>\n<meta name=\"robots\" content=\"index, follow, max-snippet:-1, max-image-preview:large, max-video-preview:-1\" \/>\n<link rel=\"canonical\" href=\"https:\/\/viviancarvalho.com.br\/en\/a-escolha-do-ortodontista\/\" \/>\n<meta property=\"og:locale\" content=\"en_GB\" \/>\n<meta property=\"og:type\" content=\"article\" \/>\n<meta property=\"og:title\" content=\"A Escolha do Ortodontista - Vivian Carvalho\" \/>\n<meta property=\"og:description\" content=\"Ortodontista \u00e9 o profissional que cursou a gradua\u00e7\u00e3o em Odontologia e tamb\u00e9m a p\u00f3s-gradua\u00e7\u00e3o em Ortodontia, reconhecida pelo Minist\u00e9rio da Educa\u00e7\u00e3o (MEC) e pelo Conselho Federal de Odontologia (CFO).\" \/>\n<meta property=\"og:url\" content=\"https:\/\/viviancarvalho.com.br\/en\/a-escolha-do-ortodontista\/\" \/>\n<meta property=\"og:site_name\" content=\"Vivian Carvalho\" \/>\n<meta property=\"article:publisher\" content=\"https:\/\/www.facebook.com\/viviancarvalhoorto\" \/>\n<meta property=\"article:modified_time\" content=\"2022-06-28T20:35:50+00:00\" \/>\n<meta name=\"twitter:card\" content=\"summary_large_image\" \/>\n<meta name=\"twitter:label1\" content=\"Estimated reading time\" \/>\n\t<meta name=\"twitter:data1\" content=\"10 minutes\" \/>\n<script type=\"application\/ld+json\" class=\"yoast-schema-graph\">{\"@context\":\"https:\/\/schema.org\",\"@graph\":[{\"@type\":\"WebPage\",\"@id\":\"https:\/\/viviancarvalho.com.br\/a-escolha-do-ortodontista\/\",\"url\":\"https:\/\/viviancarvalho.com.br\/a-escolha-do-ortodontista\/\",\"name\":\"A Escolha do Ortodontista - Vivian Carvalho\",\"isPartOf\":{\"@id\":\"https:\/\/viviancarvalho.com.br\/#website\"},\"datePublished\":\"2020-05-12T18:19:26+00:00\",\"dateModified\":\"2022-06-28T20:35:50+00:00\",\"description\":\"Ortodontista \u00e9 o profissional que cursou a gradua\u00e7\u00e3o em Odontologia e tamb\u00e9m a p\u00f3s-gradua\u00e7\u00e3o em Ortodontia, reconhecida pelo Minist\u00e9rio da Educa\u00e7\u00e3o (MEC) e pelo Conselho Federal de Odontologia (CFO).\",\"breadcrumb\":{\"@id\":\"https:\/\/viviancarvalho.com.br\/a-escolha-do-ortodontista\/#breadcrumb\"},\"inLanguage\":\"en-GB\",\"potentialAction\":[{\"@type\":\"ReadAction\",\"target\":[\"https:\/\/viviancarvalho.com.br\/a-escolha-do-ortodontista\/\"]}]},{\"@type\":\"BreadcrumbList\",\"@id\":\"https:\/\/viviancarvalho.com.br\/a-escolha-do-ortodontista\/#breadcrumb\",\"itemListElement\":[{\"@type\":\"ListItem\",\"position\":1,\"name\":\"In\u00edcio\",\"item\":\"https:\/\/viviancarvalho.com.br\/\"},{\"@type\":\"ListItem\",\"position\":2,\"name\":\"A Escolha do Ortodontista\"}]},{\"@type\":\"WebSite\",\"@id\":\"https:\/\/viviancarvalho.com.br\/#website\",\"url\":\"https:\/\/viviancarvalho.com.br\/\",\"name\":\"Vivian Carvalho\",\"description\":\"Odontopediatria e Ortodontia\",\"publisher\":{\"@id\":\"https:\/\/viviancarvalho.com.br\/#organization\"},\"potentialAction\":[{\"@type\":\"SearchAction\",\"target\":{\"@type\":\"EntryPoint\",\"urlTemplate\":\"https:\/\/viviancarvalho.com.br\/?s={search_term_string}\"},\"query-input\":\"required name=search_term_string\"}],\"inLanguage\":\"en-GB\"},{\"@type\":\"Organization\",\"@id\":\"https:\/\/viviancarvalho.com.br\/#organization\",\"name\":\"Vivian Carvalho\",\"url\":\"https:\/\/viviancarvalho.com.br\/\",\"sameAs\":[\"https:\/\/instagram.com\/viviancarvalhoorto\/\",\"https:\/\/www.facebook.com\/viviancarvalhoorto\"],\"logo\":{\"@type\":\"ImageObject\",\"inLanguage\":\"en-GB\",\"@id\":\"https:\/\/viviancarvalho.com.br\/#\/schema\/logo\/image\/\",\"url\":\"https:\/\/viviancarvalho.com.br\/wp-content\/uploads\/2019\/09\/logo-vivi.jpg\",\"contentUrl\":\"https:\/\/viviancarvalho.com.br\/wp-content\/uploads\/2019\/09\/logo-vivi.jpg\",\"width\":350,\"height\":207,\"caption\":\"Vivian Carvalho\"},\"image\":{\"@id\":\"https:\/\/viviancarvalho.com.br\/#\/schema\/logo\/image\/\"}}]}<\/script>\n<!-- \/ Yoast SEO plugin. -->","yoast_head_json":{"title":"A Escolha do Ortodontista - Vivian Carvalho","description":"Ortodontista \u00e9 o profissional que cursou a gradua\u00e7\u00e3o em Odontologia e tamb\u00e9m a p\u00f3s-gradua\u00e7\u00e3o em Ortodontia, reconhecida pelo Minist\u00e9rio da Educa\u00e7\u00e3o (MEC) e pelo Conselho Federal de Odontologia (CFO).","robots":{"index":"index","follow":"follow","max-snippet":"max-snippet:-1","max-image-preview":"max-image-preview:large","max-video-preview":"max-video-preview:-1"},"canonical":"https:\/\/viviancarvalho.com.br\/en\/a-escolha-do-ortodontista\/","og_locale":"en_GB","og_type":"article","og_title":"A Escolha do Ortodontista - Vivian Carvalho","og_description":"Ortodontista \u00e9 o profissional que cursou a gradua\u00e7\u00e3o em Odontologia e tamb\u00e9m a p\u00f3s-gradua\u00e7\u00e3o em Ortodontia, reconhecida pelo Minist\u00e9rio da Educa\u00e7\u00e3o (MEC) e pelo Conselho Federal de Odontologia (CFO).","og_url":"https:\/\/viviancarvalho.com.br\/en\/a-escolha-do-ortodontista\/","og_site_name":"Vivian Carvalho","article_publisher":"https:\/\/www.facebook.com\/viviancarvalhoorto","article_modified_time":"2022-06-28T20:35:50+00:00","twitter_card":"summary_large_image","twitter_misc":{"Estimated reading time":"10 minutes"},"schema":{"@context":"https:\/\/schema.org","@graph":[{"@type":"WebPage","@id":"https:\/\/viviancarvalho.com.br\/a-escolha-do-ortodontista\/","url":"https:\/\/viviancarvalho.com.br\/a-escolha-do-ortodontista\/","name":"A Escolha do Ortodontista - Vivian Carvalho","isPartOf":{"@id":"https:\/\/viviancarvalho.com.br\/#website"},"datePublished":"2020-05-12T18:19:26+00:00","dateModified":"2022-06-28T20:35:50+00:00","description":"Ortodontista \u00e9 o profissional que cursou a gradua\u00e7\u00e3o em Odontologia e tamb\u00e9m a p\u00f3s-gradua\u00e7\u00e3o em Ortodontia, reconhecida pelo Minist\u00e9rio da Educa\u00e7\u00e3o (MEC) e pelo Conselho Federal de Odontologia (CFO).","breadcrumb":{"@id":"https:\/\/viviancarvalho.com.br\/a-escolha-do-ortodontista\/#breadcrumb"},"inLanguage":"en-GB","potentialAction":[{"@type":"ReadAction","target":["https:\/\/viviancarvalho.com.br\/a-escolha-do-ortodontista\/"]}]},{"@type":"BreadcrumbList","@id":"https:\/\/viviancarvalho.com.br\/a-escolha-do-ortodontista\/#breadcrumb","itemListElement":[{"@type":"ListItem","position":1,"name":"In\u00edcio","item":"https:\/\/viviancarvalho.com.br\/"},{"@type":"ListItem","position":2,"name":"A Escolha do Ortodontista"}]},{"@type":"WebSite","@id":"https:\/\/viviancarvalho.com.br\/#website","url":"https:\/\/viviancarvalho.com.br\/","name":"Vivian Carvalho","description":"Odontopediatria e Ortodontia","publisher":{"@id":"https:\/\/viviancarvalho.com.br\/#organization"},"potentialAction":[{"@type":"SearchAction","target":{"@type":"EntryPoint","urlTemplate":"https:\/\/viviancarvalho.com.br\/?s={search_term_string}"},"query-input":"required name=search_term_string"}],"inLanguage":"en-GB"},{"@type":"Organization","@id":"https:\/\/viviancarvalho.com.br\/#organization","name":"Vivian Carvalho","url":"https:\/\/viviancarvalho.com.br\/","sameAs":["https:\/\/instagram.com\/viviancarvalhoorto\/","https:\/\/www.facebook.com\/viviancarvalhoorto"],"logo":{"@type":"ImageObject","inLanguage":"en-GB","@id":"https:\/\/viviancarvalho.com.br\/#\/schema\/logo\/image\/","url":"https:\/\/viviancarvalho.com.br\/wp-content\/uploads\/2019\/09\/logo-vivi.jpg","contentUrl":"https:\/\/viviancarvalho.com.br\/wp-content\/uploads\/2019\/09\/logo-vivi.jpg","width":350,"height":207,"caption":"Vivian Carvalho"},"image":{"@id":"https:\/\/viviancarvalho.com.br\/#\/schema\/logo\/image\/"}}]}},"_links":{"self":[{"href":"https:\/\/viviancarvalho.com.br\/en\/wp-json\/wp\/v2\/pages\/1197"}],"collection":[{"href":"https:\/\/viviancarvalho.com.br\/en\/wp-json\/wp\/v2\/pages"}],"about":[{"href":"https:\/\/viviancarvalho.com.br\/en\/wp-json\/wp\/v2\/types\/page"}],"author":[{"embeddable":true,"href":"https:\/\/viviancarvalho.com.br\/en\/wp-json\/wp\/v2\/users\/1"}],"replies":[{"embeddable":true,"href":"https:\/\/viviancarvalho.com.br\/en\/wp-json\/wp\/v2\/comments?post=1197"}],"version-history":[{"count":7,"href":"https:\/\/viviancarvalho.com.br\/en\/wp-json\/wp\/v2\/pages\/1197\/revisions"}],"predecessor-version":[{"id":1743,"href":"https:\/\/viviancarvalho.com.br\/en\/wp-json\/wp\/v2\/pages\/1197\/revisions\/1743"}],"wp:attachment":[{"href":"https:\/\/viviancarvalho.com.br\/en\/wp-json\/wp\/v2\/media?parent=1197"}],"curies":[{"name":"wp","href":"https:\/\/api.w.org\/{rel}","templated":true}]}}