{"id":714,"date":"2019-10-14T12:25:41","date_gmt":"2019-10-14T15:25:41","guid":{"rendered":"https:\/\/viviancarvalho.com.br\/?page_id=714"},"modified":"2022-06-28T17:36:11","modified_gmt":"2022-06-28T20:36:11","slug":"invisalign","status":"publish","type":"page","link":"https:\/\/viviancarvalho.com.br\/en\/tratamentos\/invisalign\/","title":{"rendered":"Invisalign"},"content":{"rendered":"<p><div class=\"fusion-fullwidth fullwidth-box fusion-builder-row-1 fusion-parallax-none hundred-percent-fullwidth non-hundred-percent-height-scrolling\" style=\"background-color: rgba(255,255,255,0);background-image: url(&quot;https:\/\/viviancarvalho.com.br\/wp-content\/uploads\/2022\/06\/topo-invisa-v2.jpg&quot;);background-position: center center;background-repeat: no-repeat;padding-top:0px;padding-right:0px;padding-bottom:0px;padding-left:0px;margin-bottom: 0px;margin-top: 0px;border-width: 0px 0px 0px 0px;border-color:#eae9e9;border-style:solid;-webkit-background-size:cover;-moz-background-size:cover;-o-background-size:cover;background-size:cover;\" ><div class=\"fusion-builder-row fusion-row\"><div class=\"fusion-layout-column fusion_builder_column fusion-builder-column-0 fusion_builder_column_1_1 1_1 fusion-one-full fusion-column-first fusion-column-last\" style=\"margin-top:0px;margin-bottom:0px;\"><div class=\"fusion-column-wrapper fusion-flex-column-wrapper-legacy\" style=\"background-position:left top;background-repeat:no-repeat;-webkit-background-size:cover;-moz-background-size:cover;-o-background-size:cover;background-size:cover;padding: 0px 0px 0px 0px;\"><div class=\"fusion-section-separator section-separator paint fusion-section-separator-1\" style=\"margin-top:0px;margin-bottom:0px;\"><div class=\"fusion-section-separator-svg\" style=\"margin-left: 0px;margin-right: 0px;\"><div class=\"fusion-paint-candy-sep fusion-section-separator-svg-bg\" style=\"background-image:url( data:image\/svg+xml;base64,PHN2ZyB4bWxucz0iaHR0cDovL3d3dy53My5vcmcvMjAwMC9zdmciIHZlcnNpb249IjEuMSIgd2lkdGg9IjEwMCUiIHZpZXdCb3g9IjAgMCAxODAzIDgwIiBmaWxsPSJub25lIiBwcmVzZXJ2ZUFzcGVjdFJhdGlvPSJub25lIj48cGF0aCBmaWxsLXJ1bGU9ImV2ZW5vZGQiIGNsaXAtcnVsZT0iZXZlbm9kZCIgZD0iTTAgODBIMTgwM1YyNkMxNzg0LjQxIDI1Ljg5OTYgMTc2Mi42OCA5Ljc1NzE4IDE3MzguOTcgOS41NzA5OUMxNjkzLjI2IDcuMDQ3MzQgMTYyNi42NCA1IDE2MjAgNUMxNjEzLjM2IDUgMTYxOC42OSA2LjM4NjI3IDE2MzUuNDMgOC41NzkzOEMxNTE5LjY5IDcuMjYzMjEgMTM5Ni4zNSA1LjEwNjIzIDEzNTcuOCAyLjAwMDA1QzEyODMuMzMgLTMuOTk5OTUgNjI4Ljk5IDExLjAwMDEgNjEzLjE0NyAxOS4wMDAxQzYxMS4wOTIgMjAuMDM3NCA1OTguNDgxIDE5LjczNDcgNTgxLjc1IDE5LjMzM0M1NjUuNjk4IDE4Ljk0NzcgNTQ1Ljg1NiAxOC40NzE0IDUyNy45MDUgMTkuMDAwMUM0ODQuMjI5IDE3LjQzNTcgMzQzLjMzMiAyNi43IDMzOSAyNy41QzMzNS44OTMgMjguMDczOSAzNTQuNTgzIDI4LjU0MDIgMzc5LjcyMiAyOS4xNjc0QzM4OS42MjUgMjkuNDE0NSA0MDAuNTI5IDI5LjY4NjYgNDExLjQ5NSAzMEMzMDAuMTEyIDMyLjMzNDEgMjMzLjkyMiAyNS4yMTQ5IDIwNC4zODIgMTkuMDAwMUMxNzAuMTYgMTEuODAwMSA1My44NjgyIDE5LjMzMzQgMCAyNi4wMDAxVjgwWk05MzEuOTMyIDE1Qzk4Ni42MzEgMTEuNzgxOCAxMTA1LjgyIDYuMDEzNzMgMTE0NC45NyA4LjY4NzMzQzExNTguMDIgOS41NzgwNCAxMTQ4LjQyIDkuNjgyOTcgMTEyNi41OCA5LjkyMTYxQzExMTMuNTIgMTAuMDY0NCAxMDk2LjA5IDEwLjI1NSAxMDc2LjUgMTAuNjkwMkMxMDU2LjI3IDExLjEzOTcgMTAzMy43NSAxMS45Mzg4IDEwMTEuNCAxMi43MzIxQzk4Mi45NjIgMTMuNzQxMSA5NTQuNzkxIDE0Ljc0MDggOTMxLjkzMiAxNVoiIGZpbGw9IiM0YjRiNGQiLz48L3N2Zz4= );height:80px;transform: rotateX(180deg);\"><\/div><\/div><div class=\"fusion-section-separator-spacer\"><div class=\"fusion-section-separator-spacer-height\" style=\"height:80px;\"><\/div><\/div><style type=\"text\/css\">.fusion-section-separator.fusion-section-separator-1 .fusion-section-separator-svg-bg{background-size:100% 100%;}<\/style><\/div><div class=\"fusion-clearfix\"><\/div><\/div><\/div><div class=\"fusion-layout-column fusion_builder_column fusion-builder-column-1 fusion_builder_column_1_1 1_1 fusion-one-full fusion-column-first fusion-column-last\" style=\"margin-top:100px;margin-bottom:100px;\"><div class=\"fusion-column-wrapper fusion-flex-column-wrapper-legacy\" style=\"background-position:left top;background-repeat:no-repeat;-webkit-background-size:cover;-moz-background-size:cover;-o-background-size:cover;background-size:cover;padding: 0px 0px 0px 0px;\"><div class=\"fusion-text fusion-text-1\" style=\"transform:translate3d(0,0,0);\"><h1 style=\"text-align: center;\"><span style=\"color: #4b4b4d; font-size: 40px;\">INVISALIGN<\/span><\/h1>\n<p style=\"text-align: center;\"><span style=\"color: #4b4b4d;\"><a style=\"color: #4b4b4d;\" href=\"https:\/\/viviancarvalho.com.br\/en\/\">Home<\/a> | <a style=\"color: #4b4b4d;\" href=\"https:\/\/viviancarvalho.com.br\/en\/tratamentos\/\">Tratamentos<\/a> | Invisalign<\/span><\/p>\n<\/div><div class=\"fusion-clearfix\"><\/div><\/div><\/div><\/div><\/div><div class=\"fusion-fullwidth fullwidth-box fusion-builder-row-2 video-background nonhundred-percent-fullwidth non-hundred-percent-height-scrolling\" style=\"background-color: #242120;background-position: center center;background-repeat: no-repeat;padding-top:0px;padding-right:0px;padding-bottom:0px;padding-left:0px;margin-bottom: 0px;margin-top: 0px;border-width: 0px 0px 0px 0px;border-color:#eae9e9;border-style:solid;\" ><div class=\"fullwidth-video\"><video preload=\"auto\" autoplay playsinline loop muted><source src=\"https:\/\/viviancarvalho.com.br\/wp-content\/uploads\/2019\/11\/custom_aligner_compressed.mp4\" type=\"video\/mp4\"><\/video><\/div><div class=\"fusion-builder-row fusion-row\"><div class=\"fusion-layout-column fusion_builder_column fusion-builder-column-2 fusion_builder_column_1_2 1_2 fusion-one-half fusion-column-first\" style=\"width:50%;width:calc(50% - ( ( 4% ) * 0.5 ) );margin-right: 4%;margin-top:70px;margin-bottom:70px;\"><div class=\"fusion-column-wrapper fusion-flex-column-wrapper-legacy\" style=\"background-position:left top;background-repeat:no-repeat;-webkit-background-size:cover;-moz-background-size:cover;-o-background-size:cover;background-size:cover;padding: 0px 0px 0px 0px;\"><div class=\"fusion-text fusion-text-2\" style=\"transform:translate3d(0,0,0);\"><h2><span style=\"color: #ffffff;\"><strong>O QUE \u00c9 INVISALIGN?<\/strong><\/span><\/h2>\n<p style=\"text-align: justify;\"><span style=\"color: #ffffff;\">Invisalign \u00e9 um sistema de tratamento ortod\u00f4ntico que substitui os brackets e fios por alinhadores transparentes que se assemelham a moldeiras de clareamento. Este sistema proporciona, com o m\u00ednimo de desconforto poss\u00edvel e est\u00e9tica praticamente invis\u00edvel, um resultado extremamente previs\u00edvel.<\/span><\/p>\n<\/div><div class=\"fusion-clearfix\"><\/div><\/div><\/div><div class=\"fusion-layout-column fusion_builder_column fusion-builder-column-3 fusion_builder_column_1_2 1_2 fusion-one-half fusion-column-last\" style=\"width:50%;width:calc(50% - ( ( 4% ) * 0.5 ) );margin-top:0px;margin-bottom:0px;\"><div class=\"fusion-column-wrapper fusion-flex-column-wrapper-legacy\" style=\"background-position:left top;background-repeat:no-repeat;-webkit-background-size:cover;-moz-background-size:cover;-o-background-size:cover;background-size:cover;padding: 0px 0px 0px 0px;\"><div class=\"fusion-clearfix\"><\/div><\/div><\/div><\/div><\/div><div class=\"fusion-fullwidth fullwidth-box fusion-builder-row-3 nonhundred-percent-fullwidth non-hundred-percent-height-scrolling\" style=\"background-color: #eaeaea;background-position: center center;background-repeat: no-repeat;padding-top:50px;padding-right:0px;padding-bottom:0px;padding-left:0px;margin-bottom: 0px;margin-top: 0px;border-width: 0px 0px 0px 0px;border-color:#eae9e9;border-style:solid;\" ><div class=\"fusion-builder-row fusion-row\"><div class=\"fusion-layout-column fusion_builder_column fusion-builder-column-4 fusion_builder_column_1_1 1_1 fusion-one-full fusion-column-first fusion-column-last\" style=\"margin-top:0px;margin-bottom:20px;\"><div class=\"fusion-column-wrapper fusion-flex-column-wrapper-legacy\" style=\"background-position:left top;background-repeat:no-repeat;-webkit-background-size:cover;-moz-background-size:cover;-o-background-size:cover;background-size:cover;padding: 0px 0px 0px 0px;\"><div class=\"fusion-text fusion-text-3\" style=\"transform:translate3d(0,0,0);\"><h2><span style=\"color: #ceac66;\"><strong>COMO FUNCIONA O INVISALIGN?<\/strong><\/span><\/h2>\n<p style=\"text-align: justify;\">PASSO A PASSO:<\/p>\n<\/div><div class=\"fusion-builder-row fusion-builder-row-inner fusion-row\"><div class=\"fusion-layout-column fusion_builder_column_inner fusion-builder-nested-column-0 fusion_builder_column_inner_1_2 1_2 fusion-one-half fusion-column-first\" style=\"width:50%;width:calc(50% - ( ( 4% ) * 0.5 ) );margin-right: 4%;margin-top:0px;margin-bottom:20px;\"><div class=\"fusion-column-wrapper fusion-flex-column-wrapper-legacy\" style=\"background-position:left top;background-repeat:no-repeat;-webkit-background-size:cover;-moz-background-size:cover;-o-background-size:cover;background-size:cover;padding: 0px 0px 0px 0px;\"><div class=\"fusion-text fusion-text-4\" style=\"transform:translate3d(0,0,0);\"><p style=\"text-align: left;\"><span style=\"color: #ceac66;\"><span style=\"font-size: 20px;\"><strong>1 &#8211; Consulta inicial<\/strong>\u00a0<\/span><\/span><\/p>\n<p style=\"text-align: justify;\">Entender o que voc\u00ea deseja mudar nos seus dentes \u00e9 fundamental. Nesse encontro conversaremos sobre as possibilidade de tratamento e ser\u00e3o feitas as fotografias.<\/p>\n<\/div><div class=\"fusion-clearfix\"><\/div><\/div><\/div><div class=\"fusion-layout-column fusion_builder_column_inner fusion-builder-nested-column-1 fusion_builder_column_inner_1_2 1_2 fusion-one-half fusion-column-last\" style=\"width:50%;width:calc(50% - ( ( 4% ) * 0.5 ) );margin-top:0px;margin-bottom:20px;\"><div class=\"fusion-column-wrapper fusion-flex-column-wrapper-legacy\" style=\"background-position:left top;background-repeat:no-repeat;-webkit-background-size:cover;-moz-background-size:cover;-o-background-size:cover;background-size:cover;padding: 0px 0px 0px 0px;\"><div class=\"fusion-text fusion-text-5\" style=\"transform:translate3d(0,0,0);\"><p style=\"text-align: left;\"><span style=\"color: #ceac66;\"><span style=\"font-size: 20px;\"><strong>2 &#8211; Escaneamento digital e radiografias<\/strong>\u00a0<\/span><\/span><\/p>\n<p style=\"text-align: justify;\">As moldagens que provocam \u00e2nsia de v\u00f4mito (felizmente!) ficaram para tr\u00e1s! O planejamento e os alinhadores Invisalign s\u00e3o todos feitos com base no modelo 3D das suas arcadas e oclus\u00e3o.<\/p>\n<\/div><div class=\"fusion-clearfix\"><\/div><\/div><\/div><div class=\"fusion-layout-column fusion_builder_column_inner fusion-builder-nested-column-2 fusion_builder_column_inner_1_2 1_2 fusion-one-half fusion-column-first\" style=\"width:50%;width:calc(50% - ( ( 4% ) * 0.5 ) );margin-right: 4%;margin-top:0px;margin-bottom:20px;\"><div class=\"fusion-column-wrapper fusion-flex-column-wrapper-legacy\" style=\"background-position:left top;background-repeat:no-repeat;-webkit-background-size:cover;-moz-background-size:cover;-o-background-size:cover;background-size:cover;padding: 0px 0px 0px 0px;\"><div class=\"fusion-text fusion-text-6\" style=\"transform:translate3d(0,0,0);\"><p style=\"text-align: left;\"><span style=\"color: #ceac66;\"><span style=\"font-size: 20px;\"><strong>3 &#8211; ClinCheck<\/strong>\u00a0<\/span><\/span><\/p>\n<p style=\"text-align: justify;\">Envio a prescri\u00e7\u00e3o do que desejo que seja feito para tratamento do seu caso. Esta \u00e9 a etapa mais importante para que o seu tratamento seja um tratamento de excel\u00eancia.<\/p>\n<\/div><div class=\"fusion-clearfix\"><\/div><\/div><\/div><div class=\"fusion-layout-column fusion_builder_column_inner fusion-builder-nested-column-3 fusion_builder_column_inner_1_2 1_2 fusion-one-half fusion-column-last\" style=\"width:50%;width:calc(50% - ( ( 4% ) * 0.5 ) );margin-top:0px;margin-bottom:20px;\"><div class=\"fusion-column-wrapper fusion-flex-column-wrapper-legacy\" style=\"background-position:left top;background-repeat:no-repeat;-webkit-background-size:cover;-moz-background-size:cover;-o-background-size:cover;background-size:cover;padding: 0px 0px 0px 0px;\"><div class=\"fusion-text fusion-text-7\" style=\"transform:translate3d(0,0,0);\"><p style=\"text-align: left;\"><span style=\"color: #ceac66;\"><span style=\"font-size: 20px;\"><strong>4 &#8211; Chegada dos alinhadores<\/strong>\u00a0<\/span><\/span><\/p>\n<p style=\"text-align: justify;\">Todos os alinhadores Invisalign do mundo s\u00e3o produzidos no M\u00e9xico; assim que chegam ao Brasil o tratamento se inicia. Uma \u00f3tima not\u00edcia: as consultas de Invisalign possibilitam intervalos maiores que as consultas de ortodontia tradicional com brackets.<\/p>\n<\/div><div class=\"fusion-clearfix\"><\/div><\/div><\/div><\/div><div class=\"fusion-clearfix\"><\/div><\/div><\/div><\/div><\/div><div class=\"fusion-fullwidth fullwidth-box fusion-builder-row-4 fusion-parallax-none hundred-percent-fullwidth non-hundred-percent-height-scrolling fusion-equal-height-columns\" style=\"background-color: rgba(255,255,255,0);background-image: url(&quot;https:\/\/viviancarvalho.com.br\/wp-content\/uploads\/2019\/11\/fundo-invisalign.jpg&quot;);background-position: center center;background-repeat: no-repeat;padding-top:0px;padding-right:0px;padding-bottom:0px;padding-left:0px;margin-bottom: 0px;margin-top: 0px;border-width: 0px 0px 0px 0px;border-color:#eae9e9;border-style:solid;-webkit-background-size:cover;-moz-background-size:cover;-o-background-size:cover;background-size:cover;\" ><div class=\"fusion-builder-row fusion-row\"><div class=\"fusion-layout-column fusion_builder_column fusion-builder-column-5 fusion_builder_column_2_3 2_3 fusion-two-third fusion-column-first\" style=\"width:66.666666666667%;width:calc(66.666666666667% - ( ( 5% ) * 0.66666666666667 ) );margin-right: 5%;margin-top:0px;margin-bottom:0px;\"><div class=\"fusion-column-wrapper fusion-flex-column-wrapper-legacy\" style=\"background-position:left top;background-repeat:no-repeat;-webkit-background-size:cover;-moz-background-size:cover;-o-background-size:cover;background-size:cover;padding: 40px 0px 0px 30px;\"><div class=\"fusion-column-content-centered\"><div class=\"fusion-column-content\"><div class=\"fusion-text fusion-text-8\" style=\"transform:translate3d(0,0,0);\"><p style=\"text-align: left;\"><span style=\"color: #ffffff; font-size: 25px; line-height: 45px;\">O INVISALIGN \u00c9 UMA EXCELENTE FERRAMENTA \u00c0 DISPOSI\u00c7\u00c3O DO ORTODONTISTA. \u00c9 O ORTODONTISTA QUEM ELABORA O PLANO DE TRATAMENTO E O DOM\u00cdNIO DA T\u00c9CNICA \u00c9 CHAVE PARA UM BOM RESULTADO FINAL, NO MENOR TEMPO POSS\u00cdVEL.<\/span><\/p>\n<\/div><\/div><\/div><div class=\"fusion-clearfix\"><\/div><\/div><\/div><div class=\"fusion-layout-column fusion_builder_column fusion-builder-column-6 fusion_builder_column_1_3 1_3 fusion-one-third fusion-column-last fusion-column-no-min-height\" style=\"width:33.333333333333%;width:calc(33.333333333333% - ( ( 5% ) * 0.33333333333333 ) );margin-top:0px;margin-bottom:0px;\"><div class=\"fusion-column-wrapper fusion-flex-column-wrapper-legacy\" style=\"background-position:left top;background-repeat:no-repeat;-webkit-background-size:cover;-moz-background-size:cover;-o-background-size:cover;background-size:cover;padding: 0px 0px 0px 0px;\"><div class=\"fusion-column-content-centered\"><div class=\"fusion-column-content\"><span class=\"fusion-imageframe imageframe-none imageframe-1 hover-type-none\" style=\"margin-left:25px;float:right;\"><img width=\"750\" height=\"1000\" src=\"https:\/\/viviancarvalho.com.br\/wp-content\/uploads\/2020\/03\/foto-003.jpg\" class=\"img-responsive wp-image-1058\" srcset=\"https:\/\/viviancarvalho.com.br\/wp-content\/uploads\/2020\/03\/foto-003-200x267.jpg 200w, https:\/\/viviancarvalho.com.br\/wp-content\/uploads\/2020\/03\/foto-003-400x533.jpg 400w, https:\/\/viviancarvalho.com.br\/wp-content\/uploads\/2020\/03\/foto-003-600x800.jpg 600w, https:\/\/viviancarvalho.com.br\/wp-content\/uploads\/2020\/03\/foto-003.jpg 750w\" sizes=\"(max-width: 800px) 100vw, 400px\" \/><\/span><\/div><\/div><div class=\"fusion-clearfix\"><\/div><\/div><\/div><\/div><\/div><div class=\"fusion-fullwidth fullwidth-box fusion-builder-row-5 nonhundred-percent-fullwidth non-hundred-percent-height-scrolling\" style=\"background-color: rgba(255,255,255,0);background-position: center center;background-repeat: no-repeat;padding-top:0px;padding-right:0px;padding-bottom:0px;padding-left:0px;margin-bottom: 50px;margin-top: 50px;border-width: 0px 0px 0px 0px;border-color:#eae9e9;border-style:solid;\" ><div class=\"fusion-builder-row fusion-row\"><div class=\"fusion-layout-column fusion_builder_column fusion-builder-column-7 fusion_builder_column_1_1 1_1 fusion-one-full fusion-column-first fusion-column-last\" style=\"margin-top:0px;margin-bottom:20px;\"><div class=\"fusion-column-wrapper fusion-flex-column-wrapper-legacy\" style=\"background-position:left top;background-repeat:no-repeat;-webkit-background-size:cover;-moz-background-size:cover;-o-background-size:cover;background-size:cover;padding: 0px 0px 0px 0px;\"><div class=\"fusion-text fusion-text-9\" style=\"transform:translate3d(0,0,0);\"><h2><span style=\"color: #ceac66;\"><strong>INVISALIGN TRATA TODOS OS CASOS?<\/strong><\/span><\/h2>\n<p style=\"text-align: justify;\">O sistema Invisalign pode tratar crian\u00e7as, adolescentes e adultos, inclusive nos casos com indica\u00e7\u00e3o de cirurgia ortogn\u00e1tica. Os recentes\u00a0<b>Invisalign First<\/b>\u00a0e\u00a0<b>Invisalign Phase 2<\/b>\u00a0chegaram para revolucionar a ortodontia em crian\u00e7as e adolescentes.<\/p>\n<p style=\"text-align: justify;\">As inova\u00e7\u00f5es em Invisalign s\u00e3o lan\u00e7adas continuamente; mais de 8 milh\u00f5es de casos finalizados e mais de 70 milh\u00f5es de d\u00f3lares\/ano investidos em pesquisas proporcionam uma expertise \u00fanica. As melhorias s\u00e3o constantes e h\u00e1 diversos centros e associa\u00e7\u00f5es dedicados \u00e0 pesquisa sobre ortodontia com alinhadores.<\/p>\n<\/div><div class=\"fusion-sep-clear\"><\/div><div class=\"fusion-separator fusion-full-width-sep\" style=\"margin-left: auto;margin-right: auto;margin-top:10px;margin-bottom:10px;width:100%;\"><\/div><div class=\"fusion-sep-clear\"><\/div><div class=\"fusion-text fusion-text-10\" style=\"transform:translate3d(0,0,0);\"><h2><span style=\"color: #ceac66;\"><strong>HOJE A QUASE TOTALIDADE DOS CASOS PODE SER TRATADO COM O SISTEMA INVISALIGN<\/strong><\/span><\/h2>\n<\/div><div class=\"fusion-sep-clear\"><\/div><div class=\"fusion-separator fusion-full-width-sep\" style=\"margin-left: auto;margin-right: auto;margin-top:10px;margin-bottom:10px;width:100%;\"><\/div><div class=\"fusion-sep-clear\"><\/div><div class=\"fusion-builder-row fusion-builder-row-inner fusion-row\"><div class=\"fusion-layout-column fusion_builder_column_inner fusion-builder-nested-column-4 fusion_builder_column_inner_1_3 1_3 fusion-one-third fusion-column-first\" style=\"width:33.333333333333%;width:calc(33.333333333333% - ( ( 4% + 4% ) * 0.33333333333333 ) );margin-right: 4%;margin-top:0px;margin-bottom:20px;\"><div class=\"fusion-column-wrapper fusion-flex-column-wrapper-legacy\" style=\"background-position:left top;background-repeat:no-repeat;-webkit-background-size:cover;-moz-background-size:cover;-o-background-size:cover;background-size:cover;padding: 0px 0px 0px 0px;\"><div class=\"imageframe-align-center\"><span class=\"fusion-imageframe imageframe-none imageframe-2 hover-type-zoomin\" style=\"border-radius:20px;\"><img width=\"420\" height=\"220\" title=\"Sobremordida\" src=\"https:\/\/viviancarvalho.com.br\/wp-content\/uploads\/2019\/11\/Sobremordida.jpg\" class=\"img-responsive wp-image-928\" srcset=\"https:\/\/viviancarvalho.com.br\/wp-content\/uploads\/2019\/11\/Sobremordida-200x105.jpg 200w, https:\/\/viviancarvalho.com.br\/wp-content\/uploads\/2019\/11\/Sobremordida-400x210.jpg 400w, https:\/\/viviancarvalho.com.br\/wp-content\/uploads\/2019\/11\/Sobremordida.jpg 420w\" sizes=\"(max-width: 800px) 100vw, 400px\" \/><\/span><\/div><div class=\"fusion-sep-clear\"><\/div><div class=\"fusion-separator fusion-full-width-sep\" style=\"margin-left: auto;margin-right: auto;margin-top:10px;margin-bottom:10px;width:100%;\"><\/div><div class=\"fusion-sep-clear\"><\/div><div class=\"fusion-text fusion-text-11\" style=\"transform:translate3d(0,0,0);\"><h2 style=\"text-align: center;\"><strong>Sobremordida<\/strong><\/h2>\n<p style=\"text-align: center;\">Os dentes superiores sobrep\u00f5em os dentes inferiores.<\/p>\n<\/div><div class=\"fusion-clearfix\"><\/div><\/div><\/div><div class=\"fusion-layout-column fusion_builder_column_inner fusion-builder-nested-column-5 fusion_builder_column_inner_1_3 1_3 fusion-one-third\" style=\"width:33.333333333333%;width:calc(33.333333333333% - ( ( 4% + 4% ) * 0.33333333333333 ) );margin-right: 4%;margin-top:0px;margin-bottom:20px;\"><div class=\"fusion-column-wrapper fusion-flex-column-wrapper-legacy\" style=\"background-position:left top;background-repeat:no-repeat;-webkit-background-size:cover;-moz-background-size:cover;-o-background-size:cover;background-size:cover;padding: 0px 0px 0px 0px;\"><div class=\"imageframe-align-center\"><span class=\"fusion-imageframe imageframe-none imageframe-3 hover-type-zoomin\" style=\"border-radius:20px;\"><img width=\"420\" height=\"220\" title=\"Prognatismo\" src=\"https:\/\/viviancarvalho.com.br\/wp-content\/uploads\/2019\/11\/Prognatismo.jpg\" class=\"img-responsive wp-image-933\" srcset=\"https:\/\/viviancarvalho.com.br\/wp-content\/uploads\/2019\/11\/Prognatismo-200x105.jpg 200w, https:\/\/viviancarvalho.com.br\/wp-content\/uploads\/2019\/11\/Prognatismo-400x210.jpg 400w, https:\/\/viviancarvalho.com.br\/wp-content\/uploads\/2019\/11\/Prognatismo.jpg 420w\" sizes=\"(max-width: 800px) 100vw, 400px\" \/><\/span><\/div><div class=\"fusion-sep-clear\"><\/div><div class=\"fusion-separator fusion-full-width-sep\" style=\"margin-left: auto;margin-right: auto;margin-top:10px;margin-bottom:10px;width:100%;\"><\/div><div class=\"fusion-sep-clear\"><\/div><div class=\"fusion-text fusion-text-12\" style=\"transform:translate3d(0,0,0);\"><h2 style=\"text-align: center;\"><strong>Prognatismo<\/strong><\/h2>\n<p style=\"text-align: center;\">Os dentes inferiores ficam a frente dos dentes superiores.<\/p>\n<\/div><div class=\"fusion-clearfix\"><\/div><\/div><\/div><div class=\"fusion-layout-column fusion_builder_column_inner fusion-builder-nested-column-6 fusion_builder_column_inner_1_3 1_3 fusion-one-third fusion-column-last\" style=\"width:33.333333333333%;width:calc(33.333333333333% - ( ( 4% + 4% ) * 0.33333333333333 ) );margin-top:0px;margin-bottom:20px;\"><div class=\"fusion-column-wrapper fusion-flex-column-wrapper-legacy\" style=\"background-position:left top;background-repeat:no-repeat;-webkit-background-size:cover;-moz-background-size:cover;-o-background-size:cover;background-size:cover;padding: 0px 0px 0px 0px;\"><div class=\"imageframe-align-center\"><span class=\"fusion-imageframe imageframe-none imageframe-4 hover-type-zoomin\" style=\"border-radius:20px;\"><img width=\"420\" height=\"220\" title=\"Mordida-Cruzada\" src=\"https:\/\/viviancarvalho.com.br\/wp-content\/uploads\/2019\/11\/Mordida-Cruzada.jpg\" class=\"img-responsive wp-image-932\" srcset=\"https:\/\/viviancarvalho.com.br\/wp-content\/uploads\/2019\/11\/Mordida-Cruzada-200x105.jpg 200w, https:\/\/viviancarvalho.com.br\/wp-content\/uploads\/2019\/11\/Mordida-Cruzada-400x210.jpg 400w, https:\/\/viviancarvalho.com.br\/wp-content\/uploads\/2019\/11\/Mordida-Cruzada.jpg 420w\" sizes=\"(max-width: 800px) 100vw, 400px\" \/><\/span><\/div><div class=\"fusion-sep-clear\"><\/div><div class=\"fusion-separator fusion-full-width-sep\" style=\"margin-left: auto;margin-right: auto;margin-top:10px;margin-bottom:10px;width:100%;\"><\/div><div class=\"fusion-sep-clear\"><\/div><div class=\"fusion-text fusion-text-13\" style=\"transform:translate3d(0,0,0);\"><h2 style=\"text-align: center;\"><strong>Mordida Cruzada<\/strong><\/h2>\n<p style=\"text-align: center;\">Apenas alguns dos dentes superiores se encaixam em uma posi\u00e7\u00e3o atr\u00e1s dos dentes inferiores.<\/p>\n<\/div><div class=\"fusion-clearfix\"><\/div><\/div><\/div><div class=\"fusion-layout-column fusion_builder_column_inner fusion-builder-nested-column-7 fusion_builder_column_inner_1_3 1_3 fusion-one-third fusion-column-first\" style=\"width:33.333333333333%;width:calc(33.333333333333% - ( ( 4% + 4% ) * 0.33333333333333 ) );margin-right: 4%;margin-top:0px;margin-bottom:20px;\"><div class=\"fusion-column-wrapper fusion-flex-column-wrapper-legacy\" style=\"background-position:left top;background-repeat:no-repeat;-webkit-background-size:cover;-moz-background-size:cover;-o-background-size:cover;background-size:cover;padding: 0px 0px 0px 0px;\"><div class=\"imageframe-align-center\"><span class=\"fusion-imageframe imageframe-none imageframe-5 hover-type-zoomin\" style=\"border-radius:20px;\"><img width=\"420\" height=\"220\" title=\"Diastemas\" src=\"https:\/\/viviancarvalho.com.br\/wp-content\/uploads\/2019\/11\/Diastemas.jpg\" class=\"img-responsive wp-image-930\" srcset=\"https:\/\/viviancarvalho.com.br\/wp-content\/uploads\/2019\/11\/Diastemas-200x105.jpg 200w, https:\/\/viviancarvalho.com.br\/wp-content\/uploads\/2019\/11\/Diastemas-400x210.jpg 400w, https:\/\/viviancarvalho.com.br\/wp-content\/uploads\/2019\/11\/Diastemas.jpg 420w\" sizes=\"(max-width: 800px) 100vw, 400px\" \/><\/span><\/div><div class=\"fusion-sep-clear\"><\/div><div class=\"fusion-separator fusion-full-width-sep\" style=\"margin-left: auto;margin-right: auto;margin-top:10px;margin-bottom:10px;width:100%;\"><\/div><div class=\"fusion-sep-clear\"><\/div><div class=\"fusion-text fusion-text-14\" style=\"transform:translate3d(0,0,0);\"><h2 style=\"text-align: center;\"><strong>Diastemas<\/strong><\/h2>\n<p style=\"text-align: center;\">Espa\u00e7os extra entre os dentes.<\/p>\n<\/div><div class=\"fusion-clearfix\"><\/div><\/div><\/div><div class=\"fusion-layout-column fusion_builder_column_inner fusion-builder-nested-column-8 fusion_builder_column_inner_1_3 1_3 fusion-one-third\" style=\"width:33.333333333333%;width:calc(33.333333333333% - ( ( 4% + 4% ) * 0.33333333333333 ) );margin-right: 4%;margin-top:0px;margin-bottom:20px;\"><div class=\"fusion-column-wrapper fusion-flex-column-wrapper-legacy\" style=\"background-position:left top;background-repeat:no-repeat;-webkit-background-size:cover;-moz-background-size:cover;-o-background-size:cover;background-size:cover;padding: 0px 0px 0px 0px;\"><div class=\"imageframe-align-center\"><span class=\"fusion-imageframe imageframe-none imageframe-6 hover-type-zoomin\" style=\"border-radius:20px;\"><img width=\"420\" height=\"220\" title=\"Mordida-Aberta\" src=\"https:\/\/viviancarvalho.com.br\/wp-content\/uploads\/2019\/11\/Mordida-Aberta.jpg\" class=\"img-responsive wp-image-931\" srcset=\"https:\/\/viviancarvalho.com.br\/wp-content\/uploads\/2019\/11\/Mordida-Aberta-200x105.jpg 200w, https:\/\/viviancarvalho.com.br\/wp-content\/uploads\/2019\/11\/Mordida-Aberta-400x210.jpg 400w, https:\/\/viviancarvalho.com.br\/wp-content\/uploads\/2019\/11\/Mordida-Aberta.jpg 420w\" sizes=\"(max-width: 800px) 100vw, 400px\" \/><\/span><\/div><div class=\"fusion-sep-clear\"><\/div><div class=\"fusion-separator fusion-full-width-sep\" style=\"margin-left: auto;margin-right: auto;margin-top:10px;margin-bottom:10px;width:100%;\"><\/div><div class=\"fusion-sep-clear\"><\/div><div class=\"fusion-text fusion-text-15\" style=\"transform:translate3d(0,0,0);\"><h2 style=\"text-align: center;\"><strong>Mordida Aberta<\/strong><\/h2>\n<p style=\"text-align: center;\">Os dentes superiores n\u00e3o encostam com os inferiores quando a boca fecha.<\/p>\n<\/div><div class=\"fusion-clearfix\"><\/div><\/div><\/div><div class=\"fusion-layout-column fusion_builder_column_inner fusion-builder-nested-column-9 fusion_builder_column_inner_1_3 1_3 fusion-one-third fusion-column-last\" style=\"width:33.333333333333%;width:calc(33.333333333333% - ( ( 4% + 4% ) * 0.33333333333333 ) );margin-top:0px;margin-bottom:20px;\"><div class=\"fusion-column-wrapper fusion-flex-column-wrapper-legacy\" style=\"background-position:left top;background-repeat:no-repeat;-webkit-background-size:cover;-moz-background-size:cover;-o-background-size:cover;background-size:cover;padding: 0px 0px 0px 0px;\"><div class=\"imageframe-align-center\"><span class=\"fusion-imageframe imageframe-none imageframe-7 hover-type-zoomin\" style=\"border-radius:20px;\"><img width=\"420\" height=\"220\" title=\"Dentes-Apinhados\" src=\"https:\/\/viviancarvalho.com.br\/wp-content\/uploads\/2019\/11\/Dentes-Apinhados.jpg\" class=\"img-responsive wp-image-929\" srcset=\"https:\/\/viviancarvalho.com.br\/wp-content\/uploads\/2019\/11\/Dentes-Apinhados-200x105.jpg 200w, https:\/\/viviancarvalho.com.br\/wp-content\/uploads\/2019\/11\/Dentes-Apinhados-400x210.jpg 400w, https:\/\/viviancarvalho.com.br\/wp-content\/uploads\/2019\/11\/Dentes-Apinhados.jpg 420w\" sizes=\"(max-width: 800px) 100vw, 400px\" \/><\/span><\/div><div class=\"fusion-sep-clear\"><\/div><div class=\"fusion-separator fusion-full-width-sep\" style=\"margin-left: auto;margin-right: auto;margin-top:10px;margin-bottom:10px;width:100%;\"><\/div><div class=\"fusion-sep-clear\"><\/div><div class=\"fusion-text fusion-text-16\" style=\"transform:translate3d(0,0,0);\"><h2 style=\"text-align: center;\"><strong>Dentes apinhados<\/strong><\/h2>\n<p style=\"text-align: center;\">N\u00e3o h\u00e1 espa\u00e7o o suficiente na mordida para um encaixe natural dos dentes.<\/p>\n<\/div><div class=\"fusion-clearfix\"><\/div><\/div><\/div><\/div><div class=\"fusion-clearfix\"><\/div><\/div><\/div><\/div><\/div><div class=\"fusion-fullwidth fullwidth-box fusion-builder-row-6 nonhundred-percent-fullwidth non-hundred-percent-height-scrolling\" style=\"background-color: rgba(255,255,255,0);background-position: center center;background-repeat: no-repeat;padding-top:0px;padding-right:0px;padding-bottom:0px;padding-left:0px;margin-bottom: 50px;margin-top: 50px;border-width: 0px 0px 0px 0px;border-color:#eae9e9;border-style:solid;\" ><div class=\"fusion-builder-row fusion-row\"><div class=\"fusion-layout-column fusion_builder_column fusion-builder-column-8 fusion_builder_column_1_1 1_1 fusion-one-full fusion-column-first fusion-column-last\" style=\"margin-top:0px;margin-bottom:20px;\"><div class=\"fusion-column-wrapper fusion-flex-column-wrapper-legacy\" style=\"background-position:left top;background-repeat:no-repeat;-webkit-background-size:cover;-moz-background-size:cover;-o-background-size:cover;background-size:cover;padding: 0px 0px 0px 0px;\"><div class=\"fusion-text fusion-text-17\" style=\"transform:translate3d(0,0,0);\"><h2><span style=\"color: #ceac66;\"><strong>COMPARE OP\u00c7\u00d5ES DE TRATAMENTO<\/strong><\/span><\/h2>\n<p style=\"text-align: justify;\">As vantagens do tratamento Invisalign em rela\u00e7\u00e3o aos outros tratamentos.<\/p>\n<\/div><div class=\"fusion-sep-clear\"><\/div><div class=\"fusion-separator fusion-full-width-sep\" style=\"margin-left: auto;margin-right: auto;margin-top:10px;margin-bottom:10px;width:100%;\"><\/div><div class=\"fusion-sep-clear\"><\/div>\n<div>\n<table border=\"0\" width=\"100%\" cellspacing=\"0\" cellpadding=\"0\">\n<thead>\n<tr bgcolor=\"#4B4B4D\">\n<th align=\"center\" valign=\"middle\" width=\"55%\" height=\"50\"><\/th>\n<th style=\"text-align: center;\" align=\"center\" valign=\"middle\" width=\"15%\" height=\"50\"><span style=\"color: #ffffff;\"><strong>Alinhadores<br \/>\nTransparentes<br \/>\nInvisalign<\/strong><\/span><\/th>\n<th style=\"text-align: center;\" align=\"center\" valign=\"middle\" width=\"15%\" height=\"50\"><span style=\"color: #ffffff;\"><strong>Outros<br \/>\nAlinhadores<\/strong><\/span><\/th>\n<th style=\"text-align: center;\" align=\"center\" valign=\"middle\" width=\"15%\" height=\"50\"><span style=\"color: #ffffff;\"><strong>Aparelhos<br \/>\nTradicionais<\/strong><\/span><\/th>\n<\/tr>\n<\/thead>\n<tbody>\n<tr bgcolor=\"#CEAC66\">\n<td align=\"left\" valign=\"middle\" height=\"50\"><span style=\"color: #ffffff; padding-left: 10px;\"><strong>Estilo de vida<\/strong><\/span><\/td>\n<td align=\"center\" valign=\"middle\" height=\"50\"><\/td>\n<td align=\"center\" valign=\"middle\" height=\"50\"><\/td>\n<td align=\"center\" valign=\"middle\" height=\"50\"><\/td>\n<\/tr>\n<tr>\n<td align=\"left\" valign=\"middle\" height=\"50\">Facilmente remov\u00edvel para refei\u00e7\u00f5es<\/td>\n<td align=\"center\" valign=\"middle\" height=\"50\"><img class=\"alignnone size-full wp-image-947\" src=\"https:\/\/viviancarvalho.com.br\/wp-content\/uploads\/2019\/11\/bola-azul-01.jpg\" alt=\"\" width=\"30\" height=\"30\" \/><\/td>\n<td align=\"center\" valign=\"middle\" height=\"50\"><img class=\"alignnone size-full wp-image-946\" src=\"https:\/\/viviancarvalho.com.br\/wp-content\/uploads\/2019\/11\/bola-azul-02.jpg\" alt=\"\" width=\"30\" height=\"30\" \/><\/td>\n<td align=\"center\" valign=\"middle\" height=\"50\"><\/td>\n<\/tr>\n<tr>\n<td align=\"left\" valign=\"middle\" height=\"50\">Sem consultas de emerg\u00eancia para br\u00e1quetes e fios danificados<\/td>\n<td align=\"center\" valign=\"middle\" height=\"50\"><img class=\"alignnone size-full wp-image-947\" src=\"https:\/\/viviancarvalho.com.br\/wp-content\/uploads\/2019\/11\/bola-azul-01.jpg\" alt=\"\" width=\"30\" height=\"30\" \/><\/td>\n<td align=\"center\" valign=\"middle\" height=\"50\"><img class=\"alignnone size-full wp-image-946\" src=\"https:\/\/viviancarvalho.com.br\/wp-content\/uploads\/2019\/11\/bola-azul-02.jpg\" alt=\"\" width=\"30\" height=\"30\" \/><\/td>\n<td align=\"center\" valign=\"middle\" height=\"50\"><\/td>\n<\/tr>\n<tr bgcolor=\"#CEAC66\">\n<td align=\"left\" valign=\"middle\" height=\"50\"><span style=\"color: #ffffff; padding-left: 10px;\"><strong>Visual<\/strong><\/span><\/td>\n<td align=\"center\" valign=\"middle\" height=\"50\"><\/td>\n<td align=\"center\" valign=\"middle\" height=\"50\"><\/td>\n<td align=\"center\" valign=\"middle\" height=\"50\"><\/td>\n<\/tr>\n<tr>\n<td align=\"left\" valign=\"middle\" height=\"50\">Aspecto invis\u00edvel<\/td>\n<td align=\"center\" valign=\"middle\" height=\"50\"><img class=\"alignnone size-full wp-image-947\" src=\"https:\/\/viviancarvalho.com.br\/wp-content\/uploads\/2019\/11\/bola-azul-01.jpg\" alt=\"\" width=\"30\" height=\"30\" \/><\/td>\n<td align=\"center\" valign=\"middle\" height=\"50\"><img class=\"alignnone size-full wp-image-946\" src=\"https:\/\/viviancarvalho.com.br\/wp-content\/uploads\/2019\/11\/bola-azul-02.jpg\" alt=\"\" width=\"30\" height=\"30\" \/><\/td>\n<td align=\"center\" valign=\"middle\" height=\"50\"><\/td>\n<\/tr>\n<tr bgcolor=\"#CEAC66\">\n<td align=\"left\" valign=\"middle\" height=\"50\"><span style=\"color: #ffffff; padding-left: 10px;\"><strong>Higiene<\/strong><\/span><\/td>\n<td align=\"center\" valign=\"middle\" height=\"50\"><\/td>\n<td align=\"center\" valign=\"middle\" height=\"50\"><\/td>\n<td align=\"center\" valign=\"middle\" height=\"50\"><\/td>\n<\/tr>\n<tr>\n<td align=\"left\" valign=\"middle\" height=\"50\">Facilmente remov\u00edvel para escovar os dentes e usar fio dental<\/td>\n<td align=\"center\" valign=\"middle\" height=\"50\"><img class=\"alignnone size-full wp-image-947\" src=\"https:\/\/viviancarvalho.com.br\/wp-content\/uploads\/2019\/11\/bola-azul-01.jpg\" alt=\"\" width=\"30\" height=\"30\" \/><\/td>\n<td align=\"center\" valign=\"middle\" height=\"50\"><img class=\"alignnone size-full wp-image-946\" src=\"https:\/\/viviancarvalho.com.br\/wp-content\/uploads\/2019\/11\/bola-azul-02.jpg\" alt=\"\" width=\"30\" height=\"30\" \/><\/td>\n<td align=\"center\" valign=\"middle\" height=\"50\"><\/td>\n<\/tr>\n<tr bgcolor=\"#CEAC66\">\n<td align=\"left\" valign=\"middle\" height=\"50\"><span style=\"color: #ffffff; padding-left: 10px;\"><strong>Material<\/strong><\/span><\/td>\n<td align=\"center\" valign=\"middle\" height=\"50\"><\/td>\n<td align=\"center\" valign=\"middle\" height=\"50\"><\/td>\n<td align=\"center\" valign=\"middle\" height=\"50\"><\/td>\n<\/tr>\n<tr>\n<td align=\"left\" valign=\"middle\" height=\"50\">Feito com SmartTrack\u00ae para melhores movimentos dos dentes<\/td>\n<td align=\"center\" valign=\"middle\" height=\"50\"><img class=\"alignnone size-full wp-image-947\" src=\"https:\/\/viviancarvalho.com.br\/wp-content\/uploads\/2019\/11\/bola-azul-01.jpg\" alt=\"\" width=\"30\" height=\"30\" \/><\/td>\n<td align=\"center\" valign=\"middle\" height=\"50\"><\/td>\n<td align=\"center\" valign=\"middle\" height=\"50\"><\/td>\n<\/tr>\n<tr>\n<td align=\"left\" valign=\"middle\" height=\"50\">Feito com pl\u00e1stico comum<\/td>\n<td align=\"center\" valign=\"middle\" height=\"50\"><\/td>\n<td align=\"center\" valign=\"middle\" height=\"50\"><img class=\"alignnone size-full wp-image-946\" src=\"https:\/\/viviancarvalho.com.br\/wp-content\/uploads\/2019\/11\/bola-azul-02.jpg\" alt=\"\" width=\"30\" height=\"30\" \/><\/td>\n<td align=\"center\" valign=\"middle\" height=\"50\"><\/td>\n<\/tr>\n<tr>\n<td align=\"left\" valign=\"middle\" height=\"50\">Feito com br\u00e1quetes e fios de metal<\/td>\n<td align=\"center\" valign=\"middle\" height=\"50\"><\/td>\n<td align=\"center\" valign=\"middle\" height=\"50\"><\/td>\n<td align=\"center\" valign=\"middle\" height=\"50\"><img class=\"alignnone size-full wp-image-946\" src=\"https:\/\/viviancarvalho.com.br\/wp-content\/uploads\/2019\/11\/bola-azul-02.jpg\" alt=\"\" width=\"30\" height=\"30\" \/><\/td>\n<\/tr>\n<tr bgcolor=\"#CEAC66\">\n<td align=\"left\" valign=\"middle\" height=\"50\"><span style=\"color: #ffffff; padding-left: 10px;\"><strong>Conforto<\/strong><\/span><\/td>\n<td align=\"center\" valign=\"middle\" height=\"50\"><\/td>\n<td align=\"center\" valign=\"middle\" height=\"50\"><\/td>\n<td align=\"center\" valign=\"middle\" height=\"50\"><\/td>\n<\/tr>\n<tr>\n<td align=\"left\" valign=\"middle\" height=\"50\">Cada alinhador \u00e9 elaborado para a gengiva de cada um para melhor conforto e visual.<\/td>\n<td align=\"center\" valign=\"middle\" height=\"50\"><img class=\"alignnone size-full wp-image-947\" src=\"https:\/\/viviancarvalho.com.br\/wp-content\/uploads\/2019\/11\/bola-azul-01.jpg\" alt=\"\" width=\"30\" height=\"30\" \/><\/td>\n<td align=\"center\" valign=\"middle\" height=\"50\"><\/td>\n<td align=\"center\" valign=\"middle\" height=\"50\"><\/td>\n<\/tr>\n<tr bgcolor=\"#CEAC66\">\n<td align=\"left\" valign=\"middle\" height=\"50\"><span style=\"color: #ffffff; padding-left: 10px;\"><strong>Indicador de uso<\/strong><\/span><\/td>\n<td align=\"center\" valign=\"middle\" height=\"50\"><\/td>\n<td align=\"center\" valign=\"middle\" height=\"50\"><\/td>\n<td align=\"center\" valign=\"middle\" height=\"50\"><\/td>\n<\/tr>\n<tr>\n<td align=\"left\" valign=\"middle\" height=\"50\">Um indicador azul garante que adolescentes usem alinhadores pelo tempo correto.<\/td>\n<td align=\"center\" valign=\"middle\" height=\"50\"><img class=\"alignnone size-full wp-image-947\" src=\"https:\/\/viviancarvalho.com.br\/wp-content\/uploads\/2019\/11\/bola-azul-01.jpg\" alt=\"\" width=\"30\" height=\"30\" \/><\/td>\n<td align=\"center\" valign=\"middle\" height=\"50\"><\/td>\n<td align=\"center\" valign=\"middle\" height=\"50\"><\/td>\n<\/tr>\n<\/tbody>\n<\/table>\n<\/div>\n<div class=\"fusion-clearfix\"><\/div><\/div><\/div><\/div><\/div><\/p>","protected":false},"excerpt":{"rendered":"","protected":false},"author":1,"featured_media":0,"parent":678,"menu_order":0,"comment_status":"closed","ping_status":"closed","template":"100-width.php","meta":[],"yoast_head":"<!-- This site is optimized with the Yoast SEO plugin v19.6.1 - https:\/\/yoast.com\/wordpress\/plugins\/seo\/ -->\n<title>Invisalign - Vivian Carvalho<\/title>\n<meta name=\"description\" content=\"Invisalign \u00e9 um sistema de tratamento ortod\u00f4ntico que substitui os brackets e fios por alinhadores transparentes que se assemelham a moldeiras de clareamento. Este sistema proporciona, com o m\u00ednimo de desconforto poss\u00edvel e est\u00e9tica praticamente invis\u00edvel, um resultado extremamente previs\u00edvel.\" \/>\n<meta name=\"robots\" content=\"index, follow, max-snippet:-1, max-image-preview:large, max-video-preview:-1\" \/>\n<link rel=\"canonical\" href=\"https:\/\/viviancarvalho.com.br\/en\/tratamentos\/invisalign\/\" \/>\n<meta property=\"og:locale\" content=\"en_GB\" \/>\n<meta property=\"og:type\" content=\"article\" \/>\n<meta property=\"og:title\" content=\"Invisalign - Vivian Carvalho\" \/>\n<meta property=\"og:description\" content=\"Invisalign \u00e9 um sistema de tratamento ortod\u00f4ntico que substitui os brackets e fios por alinhadores transparentes que se assemelham a moldeiras de clareamento. Este sistema proporciona, com o m\u00ednimo de desconforto poss\u00edvel e est\u00e9tica praticamente invis\u00edvel, um resultado extremamente previs\u00edvel.\" \/>\n<meta property=\"og:url\" content=\"https:\/\/viviancarvalho.com.br\/en\/tratamentos\/invisalign\/\" \/>\n<meta property=\"og:site_name\" content=\"Vivian Carvalho\" \/>\n<meta property=\"article:publisher\" content=\"https:\/\/www.facebook.com\/viviancarvalhoorto\" \/>\n<meta property=\"article:modified_time\" content=\"2022-06-28T20:36:11+00:00\" \/>\n<meta property=\"og:image\" content=\"https:\/\/viviancarvalho.com.br\/wp-content\/uploads\/2019\/11\/bola-azul-01.jpg\" \/>\n<meta name=\"twitter:card\" content=\"summary_large_image\" \/>\n<meta name=\"twitter:label1\" content=\"Estimated reading time\" \/>\n\t<meta name=\"twitter:data1\" content=\"35 minutes\" \/>\n<script type=\"application\/ld+json\" class=\"yoast-schema-graph\">{\"@context\":\"https:\/\/schema.org\",\"@graph\":[{\"@type\":\"WebPage\",\"@id\":\"https:\/\/viviancarvalho.com.br\/tratamentos\/invisalign\/\",\"url\":\"https:\/\/viviancarvalho.com.br\/tratamentos\/invisalign\/\",\"name\":\"Invisalign - Vivian Carvalho\",\"isPartOf\":{\"@id\":\"https:\/\/viviancarvalho.com.br\/#website\"},\"datePublished\":\"2019-10-14T15:25:41+00:00\",\"dateModified\":\"2022-06-28T20:36:11+00:00\",\"description\":\"Invisalign \u00e9 um sistema de tratamento ortod\u00f4ntico que substitui os brackets e fios por alinhadores transparentes que se assemelham a moldeiras de clareamento. Este sistema proporciona, com o m\u00ednimo de desconforto poss\u00edvel e est\u00e9tica praticamente invis\u00edvel, um resultado extremamente previs\u00edvel.\",\"breadcrumb\":{\"@id\":\"https:\/\/viviancarvalho.com.br\/tratamentos\/invisalign\/#breadcrumb\"},\"inLanguage\":\"en-GB\",\"potentialAction\":[{\"@type\":\"ReadAction\",\"target\":[\"https:\/\/viviancarvalho.com.br\/tratamentos\/invisalign\/\"]}]},{\"@type\":\"BreadcrumbList\",\"@id\":\"https:\/\/viviancarvalho.com.br\/tratamentos\/invisalign\/#breadcrumb\",\"itemListElement\":[{\"@type\":\"ListItem\",\"position\":1,\"name\":\"In\u00edcio\",\"item\":\"https:\/\/viviancarvalho.com.br\/\"},{\"@type\":\"ListItem\",\"position\":2,\"name\":\"Tratamentos\",\"item\":\"https:\/\/viviancarvalho.com.br\/tratamentos\/\"},{\"@type\":\"ListItem\",\"position\":3,\"name\":\"Invisalign\"}]},{\"@type\":\"WebSite\",\"@id\":\"https:\/\/viviancarvalho.com.br\/#website\",\"url\":\"https:\/\/viviancarvalho.com.br\/\",\"name\":\"Vivian Carvalho\",\"description\":\"Odontopediatria e Ortodontia\",\"publisher\":{\"@id\":\"https:\/\/viviancarvalho.com.br\/#organization\"},\"potentialAction\":[{\"@type\":\"SearchAction\",\"target\":{\"@type\":\"EntryPoint\",\"urlTemplate\":\"https:\/\/viviancarvalho.com.br\/?s={search_term_string}\"},\"query-input\":\"required name=search_term_string\"}],\"inLanguage\":\"en-GB\"},{\"@type\":\"Organization\",\"@id\":\"https:\/\/viviancarvalho.com.br\/#organization\",\"name\":\"Vivian Carvalho\",\"url\":\"https:\/\/viviancarvalho.com.br\/\",\"sameAs\":[\"https:\/\/instagram.com\/viviancarvalhoorto\/\",\"https:\/\/www.facebook.com\/viviancarvalhoorto\"],\"logo\":{\"@type\":\"ImageObject\",\"inLanguage\":\"en-GB\",\"@id\":\"https:\/\/viviancarvalho.com.br\/#\/schema\/logo\/image\/\",\"url\":\"https:\/\/viviancarvalho.com.br\/wp-content\/uploads\/2019\/09\/logo-vivi.jpg\",\"contentUrl\":\"https:\/\/viviancarvalho.com.br\/wp-content\/uploads\/2019\/09\/logo-vivi.jpg\",\"width\":350,\"height\":207,\"caption\":\"Vivian Carvalho\"},\"image\":{\"@id\":\"https:\/\/viviancarvalho.com.br\/#\/schema\/logo\/image\/\"}}]}<\/script>\n<!-- \/ Yoast SEO plugin. -->","yoast_head_json":{"title":"Invisalign - Vivian Carvalho","description":"Invisalign \u00e9 um sistema de tratamento ortod\u00f4ntico que substitui os brackets e fios por alinhadores transparentes que se assemelham a moldeiras de clareamento. Este sistema proporciona, com o m\u00ednimo de desconforto poss\u00edvel e est\u00e9tica praticamente invis\u00edvel, um resultado extremamente previs\u00edvel.","robots":{"index":"index","follow":"follow","max-snippet":"max-snippet:-1","max-image-preview":"max-image-preview:large","max-video-preview":"max-video-preview:-1"},"canonical":"https:\/\/viviancarvalho.com.br\/en\/tratamentos\/invisalign\/","og_locale":"en_GB","og_type":"article","og_title":"Invisalign - Vivian Carvalho","og_description":"Invisalign \u00e9 um sistema de tratamento ortod\u00f4ntico que substitui os brackets e fios por alinhadores transparentes que se assemelham a moldeiras de clareamento. Este sistema proporciona, com o m\u00ednimo de desconforto poss\u00edvel e est\u00e9tica praticamente invis\u00edvel, um resultado extremamente previs\u00edvel.","og_url":"https:\/\/viviancarvalho.com.br\/en\/tratamentos\/invisalign\/","og_site_name":"Vivian Carvalho","article_publisher":"https:\/\/www.facebook.com\/viviancarvalhoorto","article_modified_time":"2022-06-28T20:36:11+00:00","og_image":[{"url":"https:\/\/viviancarvalho.com.br\/wp-content\/uploads\/2019\/11\/bola-azul-01.jpg"}],"twitter_card":"summary_large_image","twitter_misc":{"Estimated reading time":"35 minutes"},"schema":{"@context":"https:\/\/schema.org","@graph":[{"@type":"WebPage","@id":"https:\/\/viviancarvalho.com.br\/tratamentos\/invisalign\/","url":"https:\/\/viviancarvalho.com.br\/tratamentos\/invisalign\/","name":"Invisalign - Vivian Carvalho","isPartOf":{"@id":"https:\/\/viviancarvalho.com.br\/#website"},"datePublished":"2019-10-14T15:25:41+00:00","dateModified":"2022-06-28T20:36:11+00:00","description":"Invisalign \u00e9 um sistema de tratamento ortod\u00f4ntico que substitui os brackets e fios por alinhadores transparentes que se assemelham a moldeiras de clareamento. Este sistema proporciona, com o m\u00ednimo de desconforto poss\u00edvel e est\u00e9tica praticamente invis\u00edvel, um resultado extremamente previs\u00edvel.","breadcrumb":{"@id":"https:\/\/viviancarvalho.com.br\/tratamentos\/invisalign\/#breadcrumb"},"inLanguage":"en-GB","potentialAction":[{"@type":"ReadAction","target":["https:\/\/viviancarvalho.com.br\/tratamentos\/invisalign\/"]}]},{"@type":"BreadcrumbList","@id":"https:\/\/viviancarvalho.com.br\/tratamentos\/invisalign\/#breadcrumb","itemListElement":[{"@type":"ListItem","position":1,"name":"In\u00edcio","item":"https:\/\/viviancarvalho.com.br\/"},{"@type":"ListItem","position":2,"name":"Tratamentos","item":"https:\/\/viviancarvalho.com.br\/tratamentos\/"},{"@type":"ListItem","position":3,"name":"Invisalign"}]},{"@type":"WebSite","@id":"https:\/\/viviancarvalho.com.br\/#website","url":"https:\/\/viviancarvalho.com.br\/","name":"Vivian Carvalho","description":"Odontopediatria e Ortodontia","publisher":{"@id":"https:\/\/viviancarvalho.com.br\/#organization"},"potentialAction":[{"@type":"SearchAction","target":{"@type":"EntryPoint","urlTemplate":"https:\/\/viviancarvalho.com.br\/?s={search_term_string}"},"query-input":"required name=search_term_string"}],"inLanguage":"en-GB"},{"@type":"Organization","@id":"https:\/\/viviancarvalho.com.br\/#organization","name":"Vivian Carvalho","url":"https:\/\/viviancarvalho.com.br\/","sameAs":["https:\/\/instagram.com\/viviancarvalhoorto\/","https:\/\/www.facebook.com\/viviancarvalhoorto"],"logo":{"@type":"ImageObject","inLanguage":"en-GB","@id":"https:\/\/viviancarvalho.com.br\/#\/schema\/logo\/image\/","url":"https:\/\/viviancarvalho.com.br\/wp-content\/uploads\/2019\/09\/logo-vivi.jpg","contentUrl":"https:\/\/viviancarvalho.com.br\/wp-content\/uploads\/2019\/09\/logo-vivi.jpg","width":350,"height":207,"caption":"Vivian Carvalho"},"image":{"@id":"https:\/\/viviancarvalho.com.br\/#\/schema\/logo\/image\/"}}]}},"_links":{"self":[{"href":"https:\/\/viviancarvalho.com.br\/en\/wp-json\/wp\/v2\/pages\/714"}],"collection":[{"href":"https:\/\/viviancarvalho.com.br\/en\/wp-json\/wp\/v2\/pages"}],"about":[{"href":"https:\/\/viviancarvalho.com.br\/en\/wp-json\/wp\/v2\/types\/page"}],"author":[{"embeddable":true,"href":"https:\/\/viviancarvalho.com.br\/en\/wp-json\/wp\/v2\/users\/1"}],"replies":[{"embeddable":true,"href":"https:\/\/viviancarvalho.com.br\/en\/wp-json\/wp\/v2\/comments?post=714"}],"version-history":[{"count":82,"href":"https:\/\/viviancarvalho.com.br\/en\/wp-json\/wp\/v2\/pages\/714\/revisions"}],"predecessor-version":[{"id":1744,"href":"https:\/\/viviancarvalho.com.br\/en\/wp-json\/wp\/v2\/pages\/714\/revisions\/1744"}],"up":[{"embeddable":true,"href":"https:\/\/viviancarvalho.com.br\/en\/wp-json\/wp\/v2\/pages\/678"}],"wp:attachment":[{"href":"https:\/\/viviancarvalho.com.br\/en\/wp-json\/wp\/v2\/media?parent=714"}],"curies":[{"name":"wp","href":"https:\/\/api.w.org\/{rel}","templated":true}]}}