{"id":729,"date":"2019-10-14T13:19:52","date_gmt":"2019-10-14T16:19:52","guid":{"rendered":"https:\/\/viviancarvalho.com.br\/?page_id=729"},"modified":"2022-06-28T17:40:38","modified_gmt":"2022-06-28T20:40:38","slug":"clareamento","status":"publish","type":"page","link":"https:\/\/viviancarvalho.com.br\/en\/tratamentos\/clareamento\/","title":{"rendered":"Clareamento"},"content":{"rendered":"<p><div class=\"fusion-fullwidth fullwidth-box fusion-builder-row-1 fusion-parallax-none hundred-percent-fullwidth non-hundred-percent-height-scrolling\" style=\"background-color: rgba(255,255,255,0);background-image: url(&quot;https:\/\/viviancarvalho.com.br\/wp-content\/uploads\/2022\/06\/topo-clareamento-v2.jpg&quot;);background-position: center center;background-repeat: no-repeat;padding-top:0px;padding-right:0px;padding-bottom:0px;padding-left:0px;margin-bottom: 0px;margin-top: 0px;border-width: 0px 0px 0px 0px;border-color:#eae9e9;border-style:solid;-webkit-background-size:cover;-moz-background-size:cover;-o-background-size:cover;background-size:cover;\" ><div class=\"fusion-builder-row fusion-row\"><div class=\"fusion-layout-column fusion_builder_column fusion-builder-column-0 fusion_builder_column_1_1 1_1 fusion-one-full fusion-column-first fusion-column-last\" style=\"margin-top:0px;margin-bottom:0px;\"><div class=\"fusion-column-wrapper fusion-flex-column-wrapper-legacy\" style=\"background-position:left top;background-repeat:no-repeat;-webkit-background-size:cover;-moz-background-size:cover;-o-background-size:cover;background-size:cover;padding: 0px 0px 0px 0px;\"><div class=\"fusion-section-separator section-separator paint fusion-section-separator-1\" style=\"margin-top:0px;margin-bottom:0px;\"><div class=\"fusion-section-separator-svg\" style=\"margin-left: 0px;margin-right: 0px;\"><div class=\"fusion-paint-candy-sep fusion-section-separator-svg-bg\" style=\"background-image:url( data:image\/svg+xml;base64,PHN2ZyB4bWxucz0iaHR0cDovL3d3dy53My5vcmcvMjAwMC9zdmciIHZlcnNpb249IjEuMSIgd2lkdGg9IjEwMCUiIHZpZXdCb3g9IjAgMCAxODAzIDgwIiBmaWxsPSJub25lIiBwcmVzZXJ2ZUFzcGVjdFJhdGlvPSJub25lIj48cGF0aCBmaWxsLXJ1bGU9ImV2ZW5vZGQiIGNsaXAtcnVsZT0iZXZlbm9kZCIgZD0iTTAgODBIMTgwM1YyNkMxNzg0LjQxIDI1Ljg5OTYgMTc2Mi42OCA5Ljc1NzE4IDE3MzguOTcgOS41NzA5OUMxNjkzLjI2IDcuMDQ3MzQgMTYyNi42NCA1IDE2MjAgNUMxNjEzLjM2IDUgMTYxOC42OSA2LjM4NjI3IDE2MzUuNDMgOC41NzkzOEMxNTE5LjY5IDcuMjYzMjEgMTM5Ni4zNSA1LjEwNjIzIDEzNTcuOCAyLjAwMDA1QzEyODMuMzMgLTMuOTk5OTUgNjI4Ljk5IDExLjAwMDEgNjEzLjE0NyAxOS4wMDAxQzYxMS4wOTIgMjAuMDM3NCA1OTguNDgxIDE5LjczNDcgNTgxLjc1IDE5LjMzM0M1NjUuNjk4IDE4Ljk0NzcgNTQ1Ljg1NiAxOC40NzE0IDUyNy45MDUgMTkuMDAwMUM0ODQuMjI5IDE3LjQzNTcgMzQzLjMzMiAyNi43IDMzOSAyNy41QzMzNS44OTMgMjguMDczOSAzNTQuNTgzIDI4LjU0MDIgMzc5LjcyMiAyOS4xNjc0QzM4OS42MjUgMjkuNDE0NSA0MDAuNTI5IDI5LjY4NjYgNDExLjQ5NSAzMEMzMDAuMTEyIDMyLjMzNDEgMjMzLjkyMiAyNS4yMTQ5IDIwNC4zODIgMTkuMDAwMUMxNzAuMTYgMTEuODAwMSA1My44NjgyIDE5LjMzMzQgMCAyNi4wMDAxVjgwWk05MzEuOTMyIDE1Qzk4Ni42MzEgMTEuNzgxOCAxMTA1LjgyIDYuMDEzNzMgMTE0NC45NyA4LjY4NzMzQzExNTguMDIgOS41NzgwNCAxMTQ4LjQyIDkuNjgyOTcgMTEyNi41OCA5LjkyMTYxQzExMTMuNTIgMTAuMDY0NCAxMDk2LjA5IDEwLjI1NSAxMDc2LjUgMTAuNjkwMkMxMDU2LjI3IDExLjEzOTcgMTAzMy43NSAxMS45Mzg4IDEwMTEuNCAxMi43MzIxQzk4Mi45NjIgMTMuNzQxMSA5NTQuNzkxIDE0Ljc0MDggOTMxLjkzMiAxNVoiIGZpbGw9IiM0YjRiNGQiLz48L3N2Zz4= );height:80px;transform: rotateX(180deg);\"><\/div><\/div><div class=\"fusion-section-separator-spacer\"><div class=\"fusion-section-separator-spacer-height\" style=\"height:80px;\"><\/div><\/div><style type=\"text\/css\">.fusion-section-separator.fusion-section-separator-1 .fusion-section-separator-svg-bg{background-size:100% 100%;}<\/style><\/div><div class=\"fusion-clearfix\"><\/div><\/div><\/div><div class=\"fusion-layout-column fusion_builder_column fusion-builder-column-1 fusion_builder_column_1_1 1_1 fusion-one-full fusion-column-first fusion-column-last\" style=\"margin-top:100px;margin-bottom:100px;\"><div class=\"fusion-column-wrapper fusion-flex-column-wrapper-legacy\" style=\"background-position:left top;background-repeat:no-repeat;-webkit-background-size:cover;-moz-background-size:cover;-o-background-size:cover;background-size:cover;padding: 0px 0px 0px 0px;\"><div class=\"fusion-text fusion-text-1\" style=\"transform:translate3d(0,0,0);\"><h1 style=\"text-align: center;\"><span style=\"color: #4b4b4d; font-size: 40px;\">CLAREAMENTO<\/span><\/h1>\n<p style=\"text-align: center;\"><span style=\"color: #4b4b4d;\"><a style=\"color: #4b4b4d;\" href=\"https:\/\/viviancarvalho.com.br\/en\/\">Home<\/a> | <a style=\"color: #4b4b4d;\" href=\"https:\/\/viviancarvalho.com.br\/en\/tratamentos\/\">Tratamentos<\/a> | Clareamento<\/span><\/p>\n<\/div><div class=\"fusion-clearfix\"><\/div><\/div><\/div><\/div><\/div><div class=\"fusion-fullwidth fullwidth-box fusion-builder-row-2 nonhundred-percent-fullwidth non-hundred-percent-height-scrolling\" style=\"background-color: rgba(255,255,255,0);background-position: center center;background-repeat: no-repeat;padding-top:0px;padding-right:0px;padding-bottom:0px;padding-left:0px;margin-bottom: 0px;margin-top: 0px;border-width: 0px 0px 0px 0px;border-color:#eae9e9;border-style:solid;\" ><div class=\"fusion-builder-row fusion-row\"><div class=\"fusion-layout-column fusion_builder_column fusion-builder-column-2 fusion_builder_column_1_2 1_2 fusion-one-half fusion-column-first\" style=\"width:50%;width:calc(50% - ( ( 4% ) * 0.5 ) );margin-right: 4%;margin-top:100px;margin-bottom:100px;\"><div class=\"fusion-column-wrapper fusion-flex-column-wrapper-legacy\" style=\"background-position:left top;background-repeat:no-repeat;-webkit-background-size:cover;-moz-background-size:cover;-o-background-size:cover;background-size:cover;padding: 50px 0px 0px 0px;\"><div class=\"fusion-text fusion-text-2\" style=\"transform:translate3d(0,0,0);\"><p style=\"text-align: left; font-size: 18px;\">Dentes brancos proporcionam autoconfian\u00e7a e contribuem para muitas conquistas. Os dentes podem escurecer por diferentes motivos, como: consumo de caf\u00e9, sucos de uva, vinho tinto, ch\u00e1 preto, cigarro, entre outros.<\/p>\n<p style=\"text-align: left; font-size: 18px;\">O clareamento est\u00e1 contra indicado apenas para aquelas pessoas que apresentam muita sensibilidade nos dentes, manchas causadas por tetraciclina, pacientes com doen\u00e7as periodontais, c\u00e1ries e outras patologias que necessitam de tratamento pr\u00e9vio.<\/p>\n<\/div><div class=\"fusion-clearfix\"><\/div><\/div><\/div><div class=\"fusion-layout-column fusion_builder_column fusion-builder-column-3 fusion_builder_column_1_2 1_2 fusion-one-half fusion-column-last\" style=\"width:50%;width:calc(50% - ( ( 4% ) * 0.5 ) );margin-top:100px;margin-bottom:100px;\"><div class=\"fusion-column-wrapper fusion-flex-column-wrapper-legacy\" style=\"background-position:left top;background-repeat:no-repeat;-webkit-background-size:cover;-moz-background-size:cover;-o-background-size:cover;background-size:cover;padding: 0px 0px 0px 0px;\"><span class=\"fusion-imageframe imageframe-none imageframe-1 hover-type-none\" style=\"border-radius:15px;\"><a href=\"https:\/\/viviancarvalho.com.br\/wp-content\/uploads\/2020\/03\/foto-005.jpg\" class=\"fusion-lightbox\" data-rel=\"iLightbox[1e5e9fb762af135a1b4]\"><img width=\"1125\" height=\"750\" src=\"https:\/\/viviancarvalho.com.br\/wp-content\/uploads\/2020\/03\/foto-008.jpg\" class=\"img-responsive wp-image-1113\" srcset=\"https:\/\/viviancarvalho.com.br\/wp-content\/uploads\/2020\/03\/foto-008-200x133.jpg 200w, https:\/\/viviancarvalho.com.br\/wp-content\/uploads\/2020\/03\/foto-008-400x267.jpg 400w, https:\/\/viviancarvalho.com.br\/wp-content\/uploads\/2020\/03\/foto-008-600x400.jpg 600w, https:\/\/viviancarvalho.com.br\/wp-content\/uploads\/2020\/03\/foto-008-800x533.jpg 800w, https:\/\/viviancarvalho.com.br\/wp-content\/uploads\/2020\/03\/foto-008.jpg 1125w\" sizes=\"(max-width: 800px) 100vw, 600px\" \/><\/a><\/span><div class=\"fusion-clearfix\"><\/div><\/div><\/div><div class=\"fusion-layout-column fusion_builder_column fusion-builder-column-4 fusion_builder_column_1_1 1_1 fusion-one-full fusion-column-first fusion-column-last\" style=\"margin-top:0px;margin-bottom:20px;\"><div class=\"fusion-column-wrapper fusion-flex-column-wrapper-legacy\" style=\"background-position:left top;background-repeat:no-repeat;-webkit-background-size:cover;-moz-background-size:cover;-o-background-size:cover;background-size:cover;padding: 0px 0px 0px 0px;\"><style type='text\/css'>.reading-box-container-1 .element-bottomshadow:before,.reading-box-container-1 .element-bottomshadow:after{opacity:0.70;}<\/style><div class=\"fusion-reading-box-container reading-box-container-1\" style=\"margin-top:0px;margin-bottom:0px;\"><div class=\"reading-box\" style=\"background-color:#4b4b4d;border-width:0px;border-color:#f6f6f6;border-left-width:3px;border-left-color:var(--primary_color);border-style:solid;\"><div class=\"reading-box-additional\">\n<h3><span style=\"color: #ceac66;\"><strong>O CLAREAMENTO DENTAL DEVE SEMPRE SER REALIZADO POR UM DENTISTA.<\/strong><\/span><\/h3>\n<div class=\"reading-box-description fusion-reading-box-additional\"><span style=\"color: #ceac66;\">Subst\u00e2ncias clareadoras \u00e0 venda em farm\u00e1cias possuem grande concentra\u00e7\u00e3o de abrasivos e n\u00e3o de g\u00e9is espec\u00edficos. O uso de alguns produtos pode levar \u00e0 problemas gengivais, abras\u00f5es dent\u00e1rias excessivas acarretando danos irrevers\u00edveis aos dentes.<\/span><\/div>\n<\/div><div class=\"fusion-clearfix\"><\/div><\/div><\/div><div class=\"fusion-clearfix\"><\/div><\/div><\/div><div class=\"fusion-layout-column fusion_builder_column fusion-builder-column-5 fusion_builder_column_1_1 1_1 fusion-one-full fusion-column-first fusion-column-last\" style=\"margin-top:100px;margin-bottom:100px;\"><div class=\"fusion-column-wrapper fusion-flex-column-wrapper-legacy\" style=\"background-position:left top;background-repeat:no-repeat;-webkit-background-size:cover;-moz-background-size:cover;-o-background-size:cover;background-size:cover;padding: 0px 0px 0px 0px;\"><div class=\"fusion-text fusion-text-3\" style=\"transform:translate3d(0,0,0);\"><p>O clareamento dental \u00e9 feito atrav\u00e9s de g\u00e9is clareadores contendo Per\u00f3xidos e oferecemos dois <b>tipos de clareamento dental<\/b>: a laser e com moldeiras personalizadas.<\/p>\n<\/div><ul class=\"fusion-checklist fusion-checklist-1\" style=\"font-size:16px;line-height:27.2px;\"><li class=\"fusion-li-item\"><span style=\"height:27.2px;width:27.2px;margin-right:11.2px;\" class=\"icon-wrapper circle-no\"><i class=\"fusion-li-icon fa-check fas\" style=\"color:#ceab67;\" aria-hidden=\"true\"><\/i><\/span><div class=\"fusion-li-item-content\" style=\"margin-left:38.4px;\">\n<p><strong>Clareamento no Consult\u00f3rio:<\/strong> O clareamento a laser o mais r\u00e1pido e confort\u00e1vel tratamento, levando apenas 1 hora cada sess\u00e3o. Feito pelo dentista de consult\u00f3rio odontol\u00f3gico atrav\u00e9s de g\u00e9is em alta concentra\u00e7\u00e3o que podem ser ativados por Luz de LED ou Laser. Geralmente s\u00e3o necess\u00e1rias de 2 \u00e0 4 sess\u00f5es.<\/p>\n<\/div><\/li><\/ul><div class=\"fusion-sep-clear\"><\/div><div class=\"fusion-separator fusion-full-width-sep\" style=\"margin-left: auto;margin-right: auto;margin-top:5px;margin-bottom:5px;width:100%;\"><div class=\"fusion-separator-border sep-single sep-solid\" style=\"border-color:#eff3f9;border-top-width:1px;\"><\/div><\/div><div class=\"fusion-sep-clear\"><\/div><ul class=\"fusion-checklist fusion-checklist-2\" style=\"font-size:16px;line-height:27.2px;\"><li class=\"fusion-li-item\"><span style=\"height:27.2px;width:27.2px;margin-right:11.2px;\" class=\"icon-wrapper circle-no\"><i class=\"fusion-li-icon fa-check fas\" style=\"color:#ceab67;\" aria-hidden=\"true\"><\/i><\/span><div class=\"fusion-li-item-content\" style=\"margin-left:38.4px;\">\n<p><strong>Clareamento Dental Caseiro:<\/strong>\u00a0O clareamento dental caseiro com moldeira \u00e9 realizado com a utiliza\u00e7\u00e3o do produto clareador diariamente por 2h, colocando o gel clareador dentro de moldeiras de silicone personalizadas feitas pelo dentista e seguindo as orienta\u00e7\u00f5es quanto ao tempo de uso di\u00e1rio. Geralmente, o tratamento dura de 3 \u00e0 4 semanas.<\/p>\n<\/div><\/li><\/ul><div class=\"fusion-sep-clear\"><\/div><div class=\"fusion-separator fusion-full-width-sep\" style=\"margin-left: auto;margin-right: auto;margin-top:5px;margin-bottom:5px;width:100%;\"><div class=\"fusion-separator-border sep-single sep-solid\" style=\"border-color:#eff3f9;border-top-width:1px;\"><\/div><\/div><div class=\"fusion-sep-clear\"><\/div><div class=\"fusion-sep-clear\"><\/div><div class=\"fusion-separator fusion-full-width-sep\" style=\"margin-left: auto;margin-right: auto;margin-top:15px;margin-bottom:15px;width:100%;\"><\/div><div class=\"fusion-sep-clear\"><\/div><div class=\"fusion-text fusion-text-4\" style=\"transform:translate3d(0,0,0);\"><p>As duas t\u00e9cnicas oferecem excelentes resultados. Em alguns casos o clareamento pode causar sen-sibilidade, mas \u00e9 facilmente tratada com produtos espec\u00edficos. Nossa Cl\u00ednica utiliza g\u00e9is clareadores inovadores e laser espec\u00edfico para reduzir a sensibilidade ap\u00f3s o clareamento.<\/p>\n<p><a href=\"https:\/\/viviancarvalho.com.br\/en\/contato\/\">Agende sua consulta<\/a> e descubra qual t\u00e9cnica \u00e9 indicada para voc\u00ea!<\/p>\n<\/div><div class=\"fusion-clearfix\"><\/div><\/div><\/div><\/div><\/div><\/p>","protected":false},"excerpt":{"rendered":"","protected":false},"author":1,"featured_media":0,"parent":678,"menu_order":0,"comment_status":"closed","ping_status":"closed","template":"100-width.php","meta":[],"yoast_head":"<!-- This site is optimized with the Yoast SEO plugin v19.6.1 - https:\/\/yoast.com\/wordpress\/plugins\/seo\/ -->\n<title>Clareamento - Vivian Carvalho<\/title>\n<meta name=\"description\" content=\"O clareamento est\u00e1 contra indicado apenas para aquelas pessoas que apresentam muita sensibilidade nos dentes, manchas causadas por tetraciclina, pacientes com doen\u00e7as periodontais, c\u00e1ries e outras patologias que necessitam de tratamento pr\u00e9vio. Pacientes que possuem restaura\u00e7\u00f5es extensas em resina ou porcelana precisam estar conscientes que esses materiais n\u00e3o ser\u00e3o clareados e precisar\u00e3o de substitui\u00e7\u00e3o posteriormente.\" \/>\n<meta name=\"robots\" content=\"index, follow, max-snippet:-1, max-image-preview:large, max-video-preview:-1\" \/>\n<link rel=\"canonical\" href=\"https:\/\/viviancarvalho.com.br\/en\/tratamentos\/clareamento\/\" \/>\n<meta property=\"og:locale\" content=\"en_GB\" \/>\n<meta property=\"og:type\" content=\"article\" \/>\n<meta property=\"og:title\" content=\"Clareamento - Vivian Carvalho\" \/>\n<meta property=\"og:description\" content=\"O clareamento est\u00e1 contra indicado apenas para aquelas pessoas que apresentam muita sensibilidade nos dentes, manchas causadas por tetraciclina, pacientes com doen\u00e7as periodontais, c\u00e1ries e outras patologias que necessitam de tratamento pr\u00e9vio. Pacientes que possuem restaura\u00e7\u00f5es extensas em resina ou porcelana precisam estar conscientes que esses materiais n\u00e3o ser\u00e3o clareados e precisar\u00e3o de substitui\u00e7\u00e3o posteriormente.\" \/>\n<meta property=\"og:url\" content=\"https:\/\/viviancarvalho.com.br\/en\/tratamentos\/clareamento\/\" \/>\n<meta property=\"og:site_name\" content=\"Vivian Carvalho\" \/>\n<meta property=\"article:publisher\" content=\"https:\/\/www.facebook.com\/viviancarvalhoorto\" \/>\n<meta property=\"article:modified_time\" content=\"2022-06-28T20:40:38+00:00\" \/>\n<meta name=\"twitter:card\" content=\"summary_large_image\" \/>\n<meta name=\"twitter:label1\" content=\"Estimated reading time\" \/>\n\t<meta name=\"twitter:data1\" content=\"13 minutes\" \/>\n<script type=\"application\/ld+json\" class=\"yoast-schema-graph\">{\"@context\":\"https:\/\/schema.org\",\"@graph\":[{\"@type\":\"WebPage\",\"@id\":\"https:\/\/viviancarvalho.com.br\/tratamentos\/clareamento\/\",\"url\":\"https:\/\/viviancarvalho.com.br\/tratamentos\/clareamento\/\",\"name\":\"Clareamento - Vivian Carvalho\",\"isPartOf\":{\"@id\":\"https:\/\/viviancarvalho.com.br\/#website\"},\"datePublished\":\"2019-10-14T16:19:52+00:00\",\"dateModified\":\"2022-06-28T20:40:38+00:00\",\"description\":\"O clareamento est\u00e1 contra indicado apenas para aquelas pessoas que apresentam muita sensibilidade nos dentes, manchas causadas por tetraciclina, pacientes com doen\u00e7as periodontais, c\u00e1ries e outras patologias que necessitam de tratamento pr\u00e9vio. Pacientes que possuem restaura\u00e7\u00f5es extensas em resina ou porcelana precisam estar conscientes que esses materiais n\u00e3o ser\u00e3o clareados e precisar\u00e3o de substitui\u00e7\u00e3o posteriormente.\",\"breadcrumb\":{\"@id\":\"https:\/\/viviancarvalho.com.br\/tratamentos\/clareamento\/#breadcrumb\"},\"inLanguage\":\"en-GB\",\"potentialAction\":[{\"@type\":\"ReadAction\",\"target\":[\"https:\/\/viviancarvalho.com.br\/tratamentos\/clareamento\/\"]}]},{\"@type\":\"BreadcrumbList\",\"@id\":\"https:\/\/viviancarvalho.com.br\/tratamentos\/clareamento\/#breadcrumb\",\"itemListElement\":[{\"@type\":\"ListItem\",\"position\":1,\"name\":\"In\u00edcio\",\"item\":\"https:\/\/viviancarvalho.com.br\/\"},{\"@type\":\"ListItem\",\"position\":2,\"name\":\"Tratamentos\",\"item\":\"https:\/\/viviancarvalho.com.br\/tratamentos\/\"},{\"@type\":\"ListItem\",\"position\":3,\"name\":\"Clareamento\"}]},{\"@type\":\"WebSite\",\"@id\":\"https:\/\/viviancarvalho.com.br\/#website\",\"url\":\"https:\/\/viviancarvalho.com.br\/\",\"name\":\"Vivian Carvalho\",\"description\":\"Odontopediatria e Ortodontia\",\"publisher\":{\"@id\":\"https:\/\/viviancarvalho.com.br\/#organization\"},\"potentialAction\":[{\"@type\":\"SearchAction\",\"target\":{\"@type\":\"EntryPoint\",\"urlTemplate\":\"https:\/\/viviancarvalho.com.br\/?s={search_term_string}\"},\"query-input\":\"required name=search_term_string\"}],\"inLanguage\":\"en-GB\"},{\"@type\":\"Organization\",\"@id\":\"https:\/\/viviancarvalho.com.br\/#organization\",\"name\":\"Vivian Carvalho\",\"url\":\"https:\/\/viviancarvalho.com.br\/\",\"sameAs\":[\"https:\/\/instagram.com\/viviancarvalhoorto\/\",\"https:\/\/www.facebook.com\/viviancarvalhoorto\"],\"logo\":{\"@type\":\"ImageObject\",\"inLanguage\":\"en-GB\",\"@id\":\"https:\/\/viviancarvalho.com.br\/#\/schema\/logo\/image\/\",\"url\":\"https:\/\/viviancarvalho.com.br\/wp-content\/uploads\/2019\/09\/logo-vivi.jpg\",\"contentUrl\":\"https:\/\/viviancarvalho.com.br\/wp-content\/uploads\/2019\/09\/logo-vivi.jpg\",\"width\":350,\"height\":207,\"caption\":\"Vivian Carvalho\"},\"image\":{\"@id\":\"https:\/\/viviancarvalho.com.br\/#\/schema\/logo\/image\/\"}}]}<\/script>\n<!-- \/ Yoast SEO plugin. -->","yoast_head_json":{"title":"Clareamento - Vivian Carvalho","description":"O clareamento est\u00e1 contra indicado apenas para aquelas pessoas que apresentam muita sensibilidade nos dentes, manchas causadas por tetraciclina, pacientes com doen\u00e7as periodontais, c\u00e1ries e outras patologias que necessitam de tratamento pr\u00e9vio. Pacientes que possuem restaura\u00e7\u00f5es extensas em resina ou porcelana precisam estar conscientes que esses materiais n\u00e3o ser\u00e3o clareados e precisar\u00e3o de substitui\u00e7\u00e3o posteriormente.","robots":{"index":"index","follow":"follow","max-snippet":"max-snippet:-1","max-image-preview":"max-image-preview:large","max-video-preview":"max-video-preview:-1"},"canonical":"https:\/\/viviancarvalho.com.br\/en\/tratamentos\/clareamento\/","og_locale":"en_GB","og_type":"article","og_title":"Clareamento - Vivian Carvalho","og_description":"O clareamento est\u00e1 contra indicado apenas para aquelas pessoas que apresentam muita sensibilidade nos dentes, manchas causadas por tetraciclina, pacientes com doen\u00e7as periodontais, c\u00e1ries e outras patologias que necessitam de tratamento pr\u00e9vio. Pacientes que possuem restaura\u00e7\u00f5es extensas em resina ou porcelana precisam estar conscientes que esses materiais n\u00e3o ser\u00e3o clareados e precisar\u00e3o de substitui\u00e7\u00e3o posteriormente.","og_url":"https:\/\/viviancarvalho.com.br\/en\/tratamentos\/clareamento\/","og_site_name":"Vivian Carvalho","article_publisher":"https:\/\/www.facebook.com\/viviancarvalhoorto","article_modified_time":"2022-06-28T20:40:38+00:00","twitter_card":"summary_large_image","twitter_misc":{"Estimated reading time":"13 minutes"},"schema":{"@context":"https:\/\/schema.org","@graph":[{"@type":"WebPage","@id":"https:\/\/viviancarvalho.com.br\/tratamentos\/clareamento\/","url":"https:\/\/viviancarvalho.com.br\/tratamentos\/clareamento\/","name":"Clareamento - Vivian Carvalho","isPartOf":{"@id":"https:\/\/viviancarvalho.com.br\/#website"},"datePublished":"2019-10-14T16:19:52+00:00","dateModified":"2022-06-28T20:40:38+00:00","description":"O clareamento est\u00e1 contra indicado apenas para aquelas pessoas que apresentam muita sensibilidade nos dentes, manchas causadas por tetraciclina, pacientes com doen\u00e7as periodontais, c\u00e1ries e outras patologias que necessitam de tratamento pr\u00e9vio. Pacientes que possuem restaura\u00e7\u00f5es extensas em resina ou porcelana precisam estar conscientes que esses materiais n\u00e3o ser\u00e3o clareados e precisar\u00e3o de substitui\u00e7\u00e3o posteriormente.","breadcrumb":{"@id":"https:\/\/viviancarvalho.com.br\/tratamentos\/clareamento\/#breadcrumb"},"inLanguage":"en-GB","potentialAction":[{"@type":"ReadAction","target":["https:\/\/viviancarvalho.com.br\/tratamentos\/clareamento\/"]}]},{"@type":"BreadcrumbList","@id":"https:\/\/viviancarvalho.com.br\/tratamentos\/clareamento\/#breadcrumb","itemListElement":[{"@type":"ListItem","position":1,"name":"In\u00edcio","item":"https:\/\/viviancarvalho.com.br\/"},{"@type":"ListItem","position":2,"name":"Tratamentos","item":"https:\/\/viviancarvalho.com.br\/tratamentos\/"},{"@type":"ListItem","position":3,"name":"Clareamento"}]},{"@type":"WebSite","@id":"https:\/\/viviancarvalho.com.br\/#website","url":"https:\/\/viviancarvalho.com.br\/","name":"Vivian Carvalho","description":"Odontopediatria e Ortodontia","publisher":{"@id":"https:\/\/viviancarvalho.com.br\/#organization"},"potentialAction":[{"@type":"SearchAction","target":{"@type":"EntryPoint","urlTemplate":"https:\/\/viviancarvalho.com.br\/?s={search_term_string}"},"query-input":"required name=search_term_string"}],"inLanguage":"en-GB"},{"@type":"Organization","@id":"https:\/\/viviancarvalho.com.br\/#organization","name":"Vivian Carvalho","url":"https:\/\/viviancarvalho.com.br\/","sameAs":["https:\/\/instagram.com\/viviancarvalhoorto\/","https:\/\/www.facebook.com\/viviancarvalhoorto"],"logo":{"@type":"ImageObject","inLanguage":"en-GB","@id":"https:\/\/viviancarvalho.com.br\/#\/schema\/logo\/image\/","url":"https:\/\/viviancarvalho.com.br\/wp-content\/uploads\/2019\/09\/logo-vivi.jpg","contentUrl":"https:\/\/viviancarvalho.com.br\/wp-content\/uploads\/2019\/09\/logo-vivi.jpg","width":350,"height":207,"caption":"Vivian Carvalho"},"image":{"@id":"https:\/\/viviancarvalho.com.br\/#\/schema\/logo\/image\/"}}]}},"_links":{"self":[{"href":"https:\/\/viviancarvalho.com.br\/en\/wp-json\/wp\/v2\/pages\/729"}],"collection":[{"href":"https:\/\/viviancarvalho.com.br\/en\/wp-json\/wp\/v2\/pages"}],"about":[{"href":"https:\/\/viviancarvalho.com.br\/en\/wp-json\/wp\/v2\/types\/page"}],"author":[{"embeddable":true,"href":"https:\/\/viviancarvalho.com.br\/en\/wp-json\/wp\/v2\/users\/1"}],"replies":[{"embeddable":true,"href":"https:\/\/viviancarvalho.com.br\/en\/wp-json\/wp\/v2\/comments?post=729"}],"version-history":[{"count":43,"href":"https:\/\/viviancarvalho.com.br\/en\/wp-json\/wp\/v2\/pages\/729\/revisions"}],"predecessor-version":[{"id":1751,"href":"https:\/\/viviancarvalho.com.br\/en\/wp-json\/wp\/v2\/pages\/729\/revisions\/1751"}],"up":[{"embeddable":true,"href":"https:\/\/viviancarvalho.com.br\/en\/wp-json\/wp\/v2\/pages\/678"}],"wp:attachment":[{"href":"https:\/\/viviancarvalho.com.br\/en\/wp-json\/wp\/v2\/media?parent=729"}],"curies":[{"name":"wp","href":"https:\/\/api.w.org\/{rel}","templated":true}]}}